{"id":1809,"date":"2024-12-14T07:05:10","date_gmt":"2024-12-14T07:05:10","guid":{"rendered":"https:\/\/mj-clothing.com\/?post_type=product&#038;p=1809"},"modified":"2024-12-17T06:53:15","modified_gmt":"2024-12-17T06:53:15","slug":"mens-quilted-sweater","status":"publish","type":"product","link":"https:\/\/mj-clothing.com\/cs\/manufacturer\/mens-quilted-sweater\/","title":{"rendered":"P\u00e1nsk\u00fd pro\u0161\u00edvan\u00fd svetr"},"content":{"rendered":"<p data-sourcepos=\"1:1-1:189\"><span class=\"citation-0 recitation citation-end-0\">P\u00e1nsk\u00fd pro\u0161\u00edvan\u00fd svetr je stylov\u00fd a funk\u010dn\u00ed kousek oble\u010den\u00ed, kter\u00fd zah\u0159eje a z\u00e1rove\u0148 p\u016fsob\u00ed jedine\u010dn\u011b esteticky.<\/span> Tady je d\u016fvod, pro\u010d byste m\u011bli zv\u00e1\u017eit, zda si je p\u0159idat do \u0161atn\u00edku:<span class=\"button-container hide-from-message-actions ng-star-inserted\"> \u00a0<\/span><\/p>\n<h3 data-sourcepos=\"3:1-3:33\"><strong>\u00a0 Pro\u010d si vybrat p\u00e1nsk\u00fd pro\u0161\u00edvan\u00fd svetr?<\/strong><\/h3>\n<ul data-sourcepos=\"5:1-9:0\">\n<li data-sourcepos=\"5:1-5:139\"><strong>Teplo a pohodl\u00ed:<\/strong> <span class=\"citation-1 recitation citation-end-1\">Pro\u0161\u00edvan\u00e1 konstrukce zachycuje vzduch, v\u00fdborn\u011b izoluje a udr\u017euje teplo v chladn\u011bj\u0161\u00edm po\u010das\u00ed.<\/span><span class=\"button-container hide-from-message-actions ng-star-inserted\"> \u00a0<\/span>\n<div class=\"container ng-tns-c2946245707-367 hide\">\n<div class=\"carousel-container ng-tns-c2946245707-367\"><\/div>\n<\/div>\n<\/li>\n<li data-sourcepos=\"6:1-6:129\"><strong>Styl a v\u0161estrannost:<\/strong> <span class=\"citation-2 recitation citation-end-2\">Pro\u0161\u00edvan\u00e9 svetry lze obl\u00e9kat nahoru i dol\u016f, tak\u017ee se hod\u00ed pro r\u016fzn\u00e9 p\u0159\u00edle\u017eitosti.<\/span><\/li>\n<li data-sourcepos=\"6:1-6:129\"><strong style=\"font-size: 14.4px;\">Jedine\u010dn\u00e1 estetika:<\/strong><span style=\"font-size: 14.4px;\"> Pro\u0161\u00edvan\u00fd vzor dod\u00e1 va\u0161emu oble\u010den\u00ed vizu\u00e1ln\u00ed zaj\u00edmavost a texturu.<\/span><\/li>\n<li data-sourcepos=\"8:1-9:0\"><strong>Odolnost:<\/strong> <span class=\"citation-3 recitation citation-end-3\">Pro\u0161\u00edvan\u00e9 svetry jsou \u010dasto vyrobeny z odoln\u00fdch materi\u00e1l\u016f, tak\u017ee vydr\u017e\u00ed pravideln\u00e9 opot\u0159eben\u00ed.<\/span><span class=\"button-container hide-from-message-actions ng-star-inserted\">\u00a0<\/span>\n<div class=\"container ng-tns-c2946245707-369 hide\">\n<div class=\"carousel-container ng-tns-c2946245707-369\">\n<div class=\"carousel-content ng-tns-c2946245707-369\">\n<div class=\"sources-carousel-source ng-tns-c2946245707-369 hide ng-star-inserted\" data-test-id=\"sources-carousel-source\"><\/div>\n<\/div>\n<\/div>\n<\/div>\n<\/li>\n<\/ul>\n<h3 data-sourcepos=\"10:1-10:35\"><strong>Jak stylizovat p\u00e1nsk\u00fd pro\u0161\u00edvan\u00fd svetr:<\/strong><\/h3>\n<ul data-sourcepos=\"12:1-15:0\">\n<li data-sourcepos=\"12:1-12:77\"><strong>P\u0159\u00edle\u017eitostn\u00e9:<\/strong> Kombinujte ji s d\u017e\u00ednami, tri\u010dkem a teniskami, abyste vypadali uvoln\u011bn\u011b.<\/li>\n<li data-sourcepos=\"13:1-13:96\"><strong>Smart Casual:<\/strong> Oble\u010dte si je k chinos kalhot\u00e1m, ko\u0161ili s knofl\u00edky a mokas\u00edn\u00e1m a z\u00edskejte elegantn\u00ed outfit.<\/li>\n<li data-sourcepos=\"14:1-15:0\"><strong>Venkovn\u00ed aktivity:<\/strong> Navrstv\u00edte ji na fleecovou mikinu nebo mikinu s kapuc\u00ed, abyste se p\u0159i venkovn\u00edch dobrodru\u017estv\u00edch zah\u0159\u00e1li.<\/li>\n<\/ul>\n<h3 data-sourcepos=\"16:1-16:41\"><strong>Kde naj\u00edt p\u00e1nsk\u00e9 pro\u0161\u00edvan\u00e9 svetry:<\/strong><\/h3>\n<ul data-sourcepos=\"18:1-21:0\">\n<li data-sourcepos=\"18:1-18:86\"><strong>Obchodn\u00ed domy:<\/strong> Hledejte zna\u010dky, kter\u00e9 nab\u00edzej\u00ed r\u016fzn\u00e9 styly a materi\u00e1ly.<\/li>\n<li data-sourcepos=\"19:1-19:131\"><strong><span class=\"citation-4 recitation\">Internetov\u00ed prodejci:<\/span><\/strong><span class=\"citation-4 recitation citation-end-4\"> Webov\u00e9 str\u00e1nky jako Amazon, eBay a dal\u0161\u00ed online prodejci nab\u00edzej\u00ed \u0161irokou \u0161k\u00e1lu pro\u0161\u00edvan\u00fdch svetr\u016f.<\/span><span class=\"button-container hide-from-message-actions ng-star-inserted\">\u00a0<\/span>\n<div class=\"container ng-tns-c2946245707-370 hide\">\n<div class=\"carousel-container ng-tns-c2946245707-370\">\n<div class=\"carousel-content ng-tns-c2946245707-370\">\n<div class=\"sources-carousel-source ng-tns-c2946245707-370 hide ng-star-inserted\" data-test-id=\"sources-carousel-source\"><\/div>\n<\/div>\n<\/div>\n<\/div>\n<\/li>\n<li data-sourcepos=\"20:1-21:0\"><strong>Obchody s outdoorov\u00fdm oble\u010den\u00edm:<\/strong> V obchodech specializuj\u00edc\u00edch se na outdoorov\u00e9 vybaven\u00ed \u010dasto najdete pro\u0161\u00edvan\u00e9 svetry ur\u010den\u00e9 pro konkr\u00e9tn\u00ed aktivity.<\/li>\n<\/ul>\n<h3 data-sourcepos=\"22:1-22:40\"><strong>Tipy pro v\u00fdb\u011br pro\u0161\u00edvan\u00e9ho svetru:<\/strong><\/h3>\n<ul data-sourcepos=\"24:1-28:0\">\n<li data-sourcepos=\"24:1-24:169\"><strong>Materi\u00e1l:<\/strong> Zva\u017ete materi\u00e1l p\u0159ikr\u00fdvky, proto\u017ee ovliv\u0148uje h\u0159ejivost a trvanlivost svetru. B\u011b\u017enou volbou jsou vlna, rouno a syntetick\u00e9 materi\u00e1ly.<\/li>\n<li data-sourcepos=\"25:1-25:70\"><strong>P\u0159izp\u016fsoben\u00ed:<\/strong> Vyberte si svetr, kter\u00fd dob\u0159e padne a pohodln\u011b se nos\u00ed.<\/li>\n<li data-sourcepos=\"26:1-26:102\"><strong>Styl:<\/strong> Vyberte si styl, kter\u00fd vyhovuje va\u0161emu osobn\u00edmu vkusu, nap\u0159\u00edklad celorozep\u00ednac\u00ed, polorozep\u00ednac\u00ed nebo svetr.<\/li>\n<li data-sourcepos=\"27:1-28:0\"><strong>Barva a vzor:<\/strong> Zva\u017ete barvu a vzor p\u0159ikr\u00fdvky, aby dopl\u0148ovala v\u00e1\u0161 \u0161atn\u00edk.<\/li>\n<\/ul>\n<p data-sourcepos=\"29:1-29:193\">Investic\u00ed do kvalitn\u00edho pro\u0161\u00edvan\u00e9ho svetru z\u00edsk\u00e1te nejen stylov\u00fd a funk\u010dn\u00ed od\u011bv, ale tak\u00e9 kus oble\u010den\u00ed, kter\u00fd v\u00e1s bude h\u0159\u00e1t a udr\u017e\u00ed v pohodl\u00ed po mnoho let.<\/p>","protected":false},"excerpt":{"rendered":"<table style=\"height: 486px;\" width=\"466\">\n<tbody>\n<tr>\n<td width=\"146\"><strong><b>Produkt<\/b><\/strong>\u00a0<strong><b>Jm\u00e9no:<\/b><\/strong><\/td>\n<td width=\"601\"><strong>P\u00e1nsk\u00fd pro\u0161\u00edvan\u00fd svetr<\/strong><\/td>\n<\/tr>\n<tr>\n<td width=\"146\"><strong><b>Materlal:<\/b><\/strong><\/td>\n<td width=\"601\">Polyester\/bavlna<\/td>\n<\/tr>\n<tr>\n<td width=\"146\"><strong><b>Technika:<\/b><\/strong><\/td>\n<td width=\"601\">Tkan\u00ed<\/td>\n<\/tr>\n<tr>\n<td width=\"146\"><strong><b>Styl:<\/b><\/strong><\/td>\n<td width=\"601\">P\u0159\u00edle\u017eitostn\u00e9<\/td>\n<\/tr>\n<tr>\n<td width=\"146\"><strong><b>Barva<\/b><\/strong><strong><b>:<\/b><\/strong><\/td>\n<td width=\"601\">\u00a0Vlastn\u00ed barvy<\/td>\n<\/tr>\n<tr>\n<td width=\"146\"><strong><b>Velikost:<\/b><\/strong><\/td>\n<td width=\"601\">S \/M \/L \/XL \/2XL<\/td>\n<\/tr>\n<tr>\n<td width=\"146\"><strong><b>OEM\/ODM:<\/b><\/strong><\/td>\n<td width=\"601\">P\u0159ijateln\u00e9<\/td>\n<\/tr>\n<tr>\n<td width=\"146\"><strong><b>Kvalita:<\/b><\/strong><\/td>\n<td width=\"601\">100% Vysok\u00e1 kvalita<\/td>\n<\/tr>\n<tr>\n<td width=\"146\"><strong><b>M<\/b><\/strong><strong><b>OQ:<\/b><\/strong><\/td>\n<td width=\"601\">200 ks<\/td>\n<\/tr>\n<\/tbody>\n<\/table>","protected":false},"featured_media":1810,"template":"","meta":[],"product_brand":[],"product_cat":[38],"product_tag":[],"class_list":{"0":"post-1809","1":"product","2":"type-product","3":"status-publish","4":"has-post-thumbnail","6":"product_cat-mens-clothing","8":"first","9":"instock","10":"shipping-taxable","11":"product-type-simple"},"_links":{"self":[{"href":"https:\/\/mj-clothing.com\/cs\/wp-json\/wp\/v2\/product\/1809","targetHints":{"allow":["GET"]}}],"collection":[{"href":"https:\/\/mj-clothing.com\/cs\/wp-json\/wp\/v2\/product"}],"about":[{"href":"https:\/\/mj-clothing.com\/cs\/wp-json\/wp\/v2\/types\/product"}],"wp:featuredmedia":[{"embeddable":true,"href":"https:\/\/mj-clothing.com\/cs\/wp-json\/wp\/v2\/media\/1810"}],"wp:attachment":[{"href":"https:\/\/mj-clothing.com\/cs\/wp-json\/wp\/v2\/media?parent=1809"}],"wp:term":[{"taxonomy":"product_brand","embeddable":true,"href":"https:\/\/mj-clothing.com\/cs\/wp-json\/wp\/v2\/product_brand?post=1809"},{"taxonomy":"product_cat","embeddable":true,"href":"https:\/\/mj-clothing.com\/cs\/wp-json\/wp\/v2\/product_cat?post=1809"},{"taxonomy":"product_tag","embeddable":true,"href":"https:\/\/mj-clothing.com\/cs\/wp-json\/wp\/v2\/product_tag?post=1809"}],"curies":[{"name":"wp","href":"https:\/\/api.w.org\/{rel}","templated":true}]}}