{"id":1630,"date":"2024-12-12T01:46:18","date_gmt":"2024-12-12T01:46:18","guid":{"rendered":"https:\/\/mj-clothing.com\/?post_type=product&#038;p=1630"},"modified":"2024-12-17T07:22:20","modified_gmt":"2024-12-17T07:22:20","slug":"mens-long-sleeve-shirt","status":"publish","type":"product","link":"https:\/\/mj-clothing.com\/hu\/manufacturer\/mens-long-sleeve-shirt\/","title":{"rendered":"F\u00e9rfi hossz\u00fa ujj\u00fa ing"},"content":{"rendered":"<p><span class=\"citation-0 recitation citation-end-0\">A f\u00e9rfi hossz\u00fa ujj\u00fa ing sokoldal\u00fa ruhadarab, amely alkalomt\u00f3l \u00e9s anyagt\u00f3l f\u00fcgg\u0151en fel- vagy le\u00f6lt\u00f6ztethet\u0151.<\/span> Ez egy olyan ruhat\u00e1ri alapdarab, amelyet minden f\u00e9rfinak birtokolnia kell.<\/p>\n<h3 data-sourcepos=\"5:1-5:38\"><strong>F\u00e9rfi hossz\u00fa ujj\u00fa ingek t\u00edpusai:<\/strong><\/h3>\n<ul data-sourcepos=\"7:1-15:0\">\n<li data-sourcepos=\"7:1-8:30\"><strong><span class=\"citation-1 recitation\">Flanel:<\/span><\/strong><span class=\"citation-1 recitation citation-end-1\"> Az \u0151szi \u00e9s t\u00e9li klasszikus v\u00e1laszt\u00e1s, a flanel ingek puha, meleg anyagb\u00f3l k\u00e9sz\u00fclnek, amely t\u00f6k\u00e9letesen alkalmas r\u00e9teges \u00f6lt\u00f6zk\u00f6d\u00e9sre.<\/span>\n<div class=\"container\"><\/div>\n<p><span class=\"citation-2 recitation citation-end-2\">K\u00fcl\u00f6nb\u00f6z\u0151 mint\u00e1kkal kaphat\u00f3k, a kock\u00e1s \u00e9s az egysz\u00edn\u0171ekt\u0151l kezdve.<\/span><\/li>\n<li data-sourcepos=\"7:1-8:30\"><strong>Oxford:<\/strong> Szorosan sz\u0151tt pamutsz\u00f6vetb\u0151l k\u00e9sz\u00fclt ing. <span class=\"citation-3 recitation citation-end-3\">Az oxfordi ingeket gyakran viselik \u00fczleti k\u00f6rnyezetben, de alkalmi viseletk\u00e9nt is viselhet\u0151k.<\/span>\n<div class=\"container\"><\/div>\n<\/li>\n<li data-sourcepos=\"7:1-8:30\"><strong>Chambray:<\/strong> <span class=\"citation-4 recitation citation-end-4\">K\u00f6nny\u0171, alkalmi ing, amely a farmerhez hasonl\u00f3 pamutsz\u00f6vetb\u0151l k\u00e9sz\u00fclt.<\/span> A chambray ingek t\u00f6k\u00e9letesek tavasszal \u00e9s ny\u00e1ron.<\/li>\n<li data-sourcepos=\"7:1-8:30\"><strong><span class=\"citation-5 recitation\">P\u00f3l\u00f3:<\/span><\/strong><span class=\"citation-5 recitation citation-end-5\"> Alapvet\u0151, sokoldal\u00fa ing, amely \u00f6nmag\u00e1ban vagy m\u00e1s ruhadarabok alatt is viselhet\u0151.<\/span>\n<div class=\"container\"><span style=\"font-size: 14.4px;\">A hossz\u00fa ujj\u00fa p\u00f3l\u00f3k nagyszer\u0171ek a h\u0171v\u00f6sebb id\u0151j\u00e1r\u00e1shoz.<\/span><\/div>\n<\/li>\n<li data-sourcepos=\"7:1-8:30\">\n<p data-sourcepos=\"16:1-16:43\"><strong>Hogyan kell st\u00edlusosan viselni egy hossz\u00fa ujj\u00fa f\u00e9rfi inget:<\/strong><\/p>\n<ul data-sourcepos=\"18:1-21:0\">\n<li data-sourcepos=\"18:1-18:110\"><strong><span class=\"citation-6 recitation\">\u00d6lt\u00f6ztesd fel:<\/span><\/strong><span class=\"citation-6 recitation citation-end-6\"> Egy hossz\u00fa ujj\u00fa oxfordi inget nyakkend\u0151vel \u00e9s egy d\u00edsznadr\u00e1ggal p\u00e1ros\u00edtson a hivatalos megjelen\u00e9shez.<\/span><\/li>\n<li data-sourcepos=\"18:1-18:110\"><strong style=\"font-size: 14.4px;\"><span class=\"citation-7 recitation\">\u00d6lt\u00f6ztesd le:<\/span><\/strong><span class=\"citation-7 recitation citation-end-7\" style=\"font-size: 14.4px;\"> Viselj flanel inget farmerrel \u00e9s csizm\u00e1val a laza, robosztus megjelen\u00e9s\u00e9rt.<\/span><\/li>\n<li data-sourcepos=\"18:1-18:110\"><strong>R\u00e9tegezd:<\/strong> Egy hossz\u00fa ujj\u00fa p\u00f3l\u00f3 al\u00e1 flanelinget vagy pul\u00f3vert h\u00fazhatsz az extra melegs\u00e9g\u00e9rt.<\/li>\n<li data-sourcepos=\"18:1-18:110\">\n<p data-sourcepos=\"22:1-22:46\"><strong>Tippek a f\u00e9rfi hossz\u00fa ujj\u00fa ing v\u00e1s\u00e1rl\u00e1s\u00e1hoz:<\/strong><\/p>\n<ul data-sourcepos=\"24:1-27:0\">\n<li data-sourcepos=\"24:1-24:95\"><strong>Vegy\u00fck figyelembe az anyagot:<\/strong> V\u00e1lasszon az \u00e9vszaknak \u00e9s az alkalomnak megfelel\u0151 anyagot.<\/li>\n<li data-sourcepos=\"25:1-25:126\"><strong>Figyeljen az illeszked\u00e9sre:<\/strong> Az ingnek j\u00f3l kell illeszkednie a v\u00e1llon \u00e9s a mellkason, \u00e9s el\u00e9g hossz\u00fanak kell lennie ahhoz, hogy be lehessen t\u0171rni.<\/li>\n<li data-sourcepos=\"26:1-27:0\"><strong>Ellen\u0151rizze a gall\u00e9rt:<\/strong> A gall\u00e9rnak laposan kell a nyak\u00e1hoz simulnia, \u00e9s nem szabad t\u00fal szorosnak vagy t\u00fal laz\u00e1nak lennie.<\/li>\n<\/ul>\n<\/li>\n<\/ul>\n<\/li>\n<\/ul>","protected":false},"excerpt":{"rendered":"<table style=\"height: 593px;\" width=\"513\">\n<tbody>\n<tr>\n<td width=\"146\"><strong><b>Term\u00e9k<\/b><\/strong>\u00a0<strong><b>N\u00e9v:<\/b><\/strong><\/td>\n<td width=\"601\"><strong>F\u00e9rfi hossz\u00fa ujj\u00fa ing<\/strong><\/td>\n<\/tr>\n<tr>\n<td width=\"146\"><strong><b>Materlal:<\/b><\/strong><\/td>\n<td width=\"601\">Poli\u00e9szter\/pamut<\/td>\n<\/tr>\n<tr>\n<td width=\"146\"><strong><b>Technika:<\/b><\/strong><\/td>\n<td width=\"601\">Nyomtat\u00e1s \u00e9s fest\u00e9s<\/td>\n<\/tr>\n<tr>\n<td width=\"146\"><strong><b>St\u00edlus:<\/b><\/strong><\/td>\n<td width=\"601\">Alkalmi<\/td>\n<\/tr>\n<tr>\n<td width=\"146\"><strong><b>Sz\u00ednes<\/b><\/strong><strong><b>:<\/b><\/strong><\/td>\n<td width=\"601\">\u00a0Egyedi sz\u00ednek<\/td>\n<\/tr>\n<tr>\n<td width=\"146\"><strong><b>M\u00e9ret:<\/b><\/strong><\/td>\n<td width=\"601\">S \/M \/L \/XL \/2XL<\/td>\n<\/tr>\n<tr>\n<td width=\"146\"><strong><b>OEM\/ODM:<\/b><\/strong><\/td>\n<td width=\"601\">Elfogadhat\u00f3<\/td>\n<\/tr>\n<tr>\n<td width=\"146\"><strong><b>Min\u0151s\u00e9g:<\/b><\/strong><\/td>\n<td width=\"601\">100% Kiv\u00e1l\u00f3 min\u0151s\u00e9g<\/td>\n<\/tr>\n<tr>\n<td width=\"146\"><strong><b>M<\/b><\/strong><strong><b>OQ:<\/b><\/strong><\/td>\n<td width=\"601\">200 db<\/td>\n<\/tr>\n<\/tbody>\n<\/table>","protected":false},"featured_media":1746,"template":"","meta":[],"product_brand":[],"product_cat":[38],"product_tag":[],"class_list":{"0":"post-1630","1":"product","2":"type-product","3":"status-publish","4":"has-post-thumbnail","6":"product_cat-mens-clothing","8":"first","9":"instock","10":"shipping-taxable","11":"product-type-simple"},"_links":{"self":[{"href":"https:\/\/mj-clothing.com\/hu\/wp-json\/wp\/v2\/product\/1630","targetHints":{"allow":["GET"]}}],"collection":[{"href":"https:\/\/mj-clothing.com\/hu\/wp-json\/wp\/v2\/product"}],"about":[{"href":"https:\/\/mj-clothing.com\/hu\/wp-json\/wp\/v2\/types\/product"}],"wp:featuredmedia":[{"embeddable":true,"href":"https:\/\/mj-clothing.com\/hu\/wp-json\/wp\/v2\/media\/1746"}],"wp:attachment":[{"href":"https:\/\/mj-clothing.com\/hu\/wp-json\/wp\/v2\/media?parent=1630"}],"wp:term":[{"taxonomy":"product_brand","embeddable":true,"href":"https:\/\/mj-clothing.com\/hu\/wp-json\/wp\/v2\/product_brand?post=1630"},{"taxonomy":"product_cat","embeddable":true,"href":"https:\/\/mj-clothing.com\/hu\/wp-json\/wp\/v2\/product_cat?post=1630"},{"taxonomy":"product_tag","embeddable":true,"href":"https:\/\/mj-clothing.com\/hu\/wp-json\/wp\/v2\/product_tag?post=1630"}],"curies":[{"name":"wp","href":"https:\/\/api.w.org\/{rel}","templated":true}]}}