{"id":1761,"date":"2024-12-14T03:02:38","date_gmt":"2024-12-14T03:02:38","guid":{"rendered":"https:\/\/mj-clothing.com\/?post_type=product&#038;p=1761"},"modified":"2024-12-17T07:15:13","modified_gmt":"2024-12-17T07:15:13","slug":"floral-quilted-jacket","status":"publish","type":"product","link":"https:\/\/mj-clothing.com\/hu\/manufacturer\/floral-quilted-jacket\/","title":{"rendered":"Vir\u00e1gos steppelt kab\u00e1t"},"content":{"rendered":"<h2 data-sourcepos=\"1:1-1:143\">Vir\u00e1gos steppelt kab\u00e1t<\/h2>\n<p data-sourcepos=\"1:1-1:143\">A vir\u00e1gos steppelt kab\u00e1t egy st\u00edlusos \u00e9s k\u00e9nyelmes darab, amely b\u00e1rmilyen ruh\u00e1hoz hozz\u00e1adhat egy csipetnyi n\u0151iess\u00e9get \u00e9s melegs\u00e9get. \u00cdme, mi\u00e9rt szerethetsz egyet:<\/p>\n<p data-sourcepos=\"3:1-3:39\"><strong>Mi\u00e9rt v\u00e1lasszon vir\u00e1gos steppelt kab\u00e1tot?<\/strong><\/p>\n<ul data-sourcepos=\"5:1-9:0\">\n<li data-sourcepos=\"5:1-5:159\"><strong>St\u00edlusos \u00e9s sokoldal\u00fa:<\/strong> A k\u00e9nyelem \u00e9s a divat t\u00f6k\u00e9letes kever\u00e9ke. Fel\u00f6lt\u00f6ztetheted szokny\u00e1val \u00e9s csizm\u00e1val, vagy laz\u00e1n viselheted farmerrel \u00e9s tornacip\u0151vel.<\/li>\n<li data-sourcepos=\"6:1-6:100\"><strong>Meleg \u00e9s meghitt:<\/strong> A steppelt kialak\u00edt\u00e1s \u00e9s a gyakran szigetelt b\u00e9l\u00e9s ide\u00e1lis a h\u0171v\u00f6sebb id\u0151j\u00e1r\u00e1shoz.<\/li>\n<li data-sourcepos=\"7:1-7:86\"><strong>N\u0151ies \u00e9s romantikus:<\/strong> A vir\u00e1gos minta l\u00e1gys\u00e1got \u00e9s eleganci\u00e1t k\u00f6lcs\u00f6n\u00f6z.<\/li>\n<li data-sourcepos=\"8:1-9:0\"><strong>Divatos:<\/strong> A vir\u00e1gmint\u00e1k mindig divatosak, k\u00fcl\u00f6n\u00f6sen a tavaszi \u00e9s az \u0151szi szezonban.<\/li>\n<\/ul>\n<p data-sourcepos=\"10:1-10:41\"><strong>Hogyan stiliz\u00e1ljunk egy vir\u00e1gos steppelt kab\u00e1tot:<\/strong><\/p>\n<ul data-sourcepos=\"12:1-15:0\">\n<li data-sourcepos=\"12:1-12:82\"><strong>Casual Chic:<\/strong> P\u00e1ros\u00edtsd farmerrel, p\u00f3l\u00f3val \u00e9s tornacip\u0151vel a laza megjelen\u00e9shez.<\/li>\n<li data-sourcepos=\"13:1-13:85\"><strong>Boho Chic:<\/strong> R\u00e9tegezd egy b\u0151 ruh\u00e1ra, \u00e9s adj hozz\u00e1 bokacsizm\u00e1t a boh\u00e9m hangulat\u00e9rt.<\/li>\n<li data-sourcepos=\"14:1-15:0\"><strong>Smart Casual:<\/strong> Viselje pul\u00f3verrel, nadr\u00e1ggal \u00e9s papuccsal a kifinomult megjelen\u00e9shez.<\/li>\n<\/ul>\n<p data-sourcepos=\"16:1-16:46\"><strong>Tippek a vir\u00e1gos steppelt kab\u00e1t kiv\u00e1laszt\u00e1s\u00e1hoz:<\/strong><\/p>\n<ul data-sourcepos=\"18:1-22:0\">\n<li data-sourcepos=\"18:1-18:93\"><strong>V\u00e1lassza ki a megfelel\u0151 illeszked\u00e9st:<\/strong> Gy\u0151z\u0151dj\u00f6n meg r\u00f3la, hogy a kab\u00e1t j\u00f3l illeszkedik, \u00e9s nem nyomja el az alakj\u00e1t.<\/li>\n<li data-sourcepos=\"19:1-19:80\"><strong>Tekintse az alkalmat:<\/strong> V\u00e1lasszon az alkalomhoz ill\u0151 mint\u00e1t \u00e9s sz\u00ednt.<\/li>\n<li data-sourcepos=\"20:1-20:105\"><strong>Figyeljen a sz\u00f6vetre:<\/strong> V\u00e1lasszon tart\u00f3s \u00e9s k\u00e9nyelmes anyagot, p\u00e9ld\u00e1ul pamutot vagy poli\u00e9sztert.<\/li>\n<li data-sourcepos=\"21:1-22:0\"><strong>Kieg\u00e9sz\u00edt\u0151k:<\/strong> Egy s\u00e1llal, sapk\u00e1val vagy t\u00e1sk\u00e1val eg\u00e9sz\u00edtheti ki megjelen\u00e9s\u00e9t.<\/li>\n<\/ul>","protected":false},"excerpt":{"rendered":"<table style=\"height: 542px;\" width=\"483\">\n<tbody>\n<tr>\n<td width=\"146\"><strong><b>Term\u00e9k<\/b><\/strong>\u00a0<strong><b>N\u00e9v:<\/b><\/strong><\/td>\n<td width=\"601\"><strong>Vir\u00e1gos steppelt kab\u00e1t<\/strong><\/td>\n<\/tr>\n<tr>\n<td width=\"146\"><strong><b>Materlal:<\/b><\/strong><\/td>\n<td width=\"601\">Poli\u00e9szter\/pamut<\/td>\n<\/tr>\n<tr>\n<td width=\"146\"><strong><b>Technika:<\/b><\/strong><\/td>\n<td width=\"601\">Nyomtat\u00e1s \u00e9s fest\u00e9s<\/td>\n<\/tr>\n<tr>\n<td width=\"146\"><strong><b>St\u00edlus:<\/b><\/strong><\/td>\n<td width=\"601\">Alkalmi<\/td>\n<\/tr>\n<tr>\n<td width=\"146\"><strong><b>Sz\u00ednes<\/b><\/strong><strong><b>:<\/b><\/strong><\/td>\n<td width=\"601\">\u00a0Egyedi sz\u00ednek<\/td>\n<\/tr>\n<tr>\n<td width=\"146\"><strong><b>M\u00e9ret:<\/b><\/strong><\/td>\n<td width=\"601\">S \/M \/L \/XL \/2XL<\/td>\n<\/tr>\n<tr>\n<td width=\"146\"><strong><b>OEM\/ODM:<\/b><\/strong><\/td>\n<td width=\"601\">Elfogadhat\u00f3<\/td>\n<\/tr>\n<tr>\n<td width=\"146\"><strong><b>Min\u0151s\u00e9g:<\/b><\/strong><\/td>\n<td width=\"601\">100% Kiv\u00e1l\u00f3 min\u0151s\u00e9g<\/td>\n<\/tr>\n<tr>\n<td width=\"146\"><strong><b>M<\/b><\/strong><strong><b>OQ:<\/b><\/strong><\/td>\n<td width=\"601\">200 db<\/td>\n<\/tr>\n<\/tbody>\n<\/table>","protected":false},"featured_media":1762,"template":"","meta":[],"product_brand":[],"product_cat":[38],"product_tag":[],"class_list":{"0":"post-1761","1":"product","2":"type-product","3":"status-publish","4":"has-post-thumbnail","6":"product_cat-mens-clothing","8":"first","9":"instock","10":"shipping-taxable","11":"product-type-simple"},"_links":{"self":[{"href":"https:\/\/mj-clothing.com\/hu\/wp-json\/wp\/v2\/product\/1761","targetHints":{"allow":["GET"]}}],"collection":[{"href":"https:\/\/mj-clothing.com\/hu\/wp-json\/wp\/v2\/product"}],"about":[{"href":"https:\/\/mj-clothing.com\/hu\/wp-json\/wp\/v2\/types\/product"}],"wp:featuredmedia":[{"embeddable":true,"href":"https:\/\/mj-clothing.com\/hu\/wp-json\/wp\/v2\/media\/1762"}],"wp:attachment":[{"href":"https:\/\/mj-clothing.com\/hu\/wp-json\/wp\/v2\/media?parent=1761"}],"wp:term":[{"taxonomy":"product_brand","embeddable":true,"href":"https:\/\/mj-clothing.com\/hu\/wp-json\/wp\/v2\/product_brand?post=1761"},{"taxonomy":"product_cat","embeddable":true,"href":"https:\/\/mj-clothing.com\/hu\/wp-json\/wp\/v2\/product_cat?post=1761"},{"taxonomy":"product_tag","embeddable":true,"href":"https:\/\/mj-clothing.com\/hu\/wp-json\/wp\/v2\/product_tag?post=1761"}],"curies":[{"name":"wp","href":"https:\/\/api.w.org\/{rel}","templated":true}]}}