{"id":1763,"date":"2024-12-14T03:06:05","date_gmt":"2024-12-14T03:06:05","guid":{"rendered":"https:\/\/mj-clothing.com\/?post_type=product&#038;p=1763"},"modified":"2024-12-17T07:11:45","modified_gmt":"2024-12-17T07:11:45","slug":"black-tweed-jacket","status":"publish","type":"product","link":"https:\/\/mj-clothing.com\/hu\/manufacturer\/black-tweed-jacket\/","title":{"rendered":"Fekete tweed kab\u00e1t"},"content":{"rendered":"<h2 data-sourcepos=\"1:1-1:113\">Fekete tweed kab\u00e1t<\/h2>\n<p data-sourcepos=\"1:1-1:113\">A fekete tweeddzseki sokoldal\u00fa \u00e9s st\u00edlusos darab, amely b\u00e1rmilyen \u00f6lt\u00f6z\u00e9ket feldobhat. \u00cdme, mi\u00e9rt szerethetsz egyet:<\/p>\n<p data-sourcepos=\"3:1-3:36\"><strong>Mi\u00e9rt v\u00e1lasszon fekete tweed kab\u00e1tot?<\/strong><\/p>\n<ul data-sourcepos=\"5:1-9:0\">\n<li data-sourcepos=\"5:1-5:101\"><strong>Id\u0151tlen elegancia:<\/strong> A fekete tweed klasszikus, kifinomult anyag, amely sosem megy ki a divatb\u00f3l.<\/li>\n<li data-sourcepos=\"6:1-6:95\"><strong>Sokoldal\u00fa st\u00edlus:<\/strong> Fel vagy le lehet \u00f6lt\u00f6ztetni, \u00edgy k\u00fcl\u00f6nb\u00f6z\u0151 alkalmakra t\u00f6k\u00e9letes.<\/li>\n<li data-sourcepos=\"7:1-7:103\"><strong>Melegs\u00e9g \u00e9s k\u00e9nyelem:<\/strong> A tweed tart\u00f3s \u00e9s szigetel\u0151 anyag, \u00edgy ide\u00e1lis a hidegebb id\u0151j\u00e1r\u00e1shoz.<\/li>\n<li data-sourcepos=\"8:1-9:0\"><strong>Textur\u00e1lt megjelen\u00e9s:<\/strong> A tweed egyedi sz\u00f6v\u00e9se vizu\u00e1lisan is \u00e9rdekess\u00e9 teszi az \u00f6lt\u00f6z\u00e9k\u00e9t.<\/li>\n<\/ul>\n<p data-sourcepos=\"10:1-10:38\"><strong>Hogyan kell st\u00edlusosan viselni egy fekete tweed kab\u00e1tot:<\/strong><\/p>\n<ul data-sourcepos=\"12:1-15:0\">\n<li data-sourcepos=\"12:1-12:93\"><strong>Smart Casual:<\/strong> A kifinomult megjelen\u00e9s \u00e9rdek\u00e9ben kombin\u00e1ld chin\u00f3val, gombos inggel \u00e9s papuccsal.<\/li>\n<li data-sourcepos=\"13:1-13:102\"><strong>Business Casual:<\/strong> Viseljen hozz\u00e1 egy eleg\u00e1ns nadr\u00e1got, egy eleg\u00e1ns inget \u00e9s egy nyakkend\u0151t, hogy professzion\u00e1lis legyen az \u00f6ssze\u00e1ll\u00edt\u00e1sa.<\/li>\n<li data-sourcepos=\"14:1-15:0\"><strong>Casual Chic:<\/strong> Kombin\u00e1ld farmerrel, p\u00f3l\u00f3val \u00e9s tornacip\u0151vel a laza st\u00edlushoz.<\/li>\n<\/ul>\n<p data-sourcepos=\"16:1-16:43\"><strong>Tippek a fekete tweed kab\u00e1t kiv\u00e1laszt\u00e1s\u00e1hoz:<\/strong><\/p>\n<ul data-sourcepos=\"18:1-22:0\">\n<li data-sourcepos=\"18:1-18:71\"><strong>Illeszked\u00e9s:<\/strong> V\u00e1lasszon olyan kab\u00e1tot, amely j\u00f3l illeszkedik \u00e9s h\u00edzeleg a testalkat\u00e1nak.<\/li>\n<li data-sourcepos=\"19:1-19:109\"><strong>Mint\u00e1zat:<\/strong> Vegye figyelembe a tweed mint\u00e1zat\u00e1t, legyen az klasszikus halsz\u00e1lk\u00e1s vagy modernebb mint\u00e1zat\u00fa.<\/li>\n<li data-sourcepos=\"20:1-20:76\"><strong>S\u00faly:<\/strong> A tweed s\u00falya hat\u00e1rozza meg, hogy mennyire meleg a kab\u00e1t.<\/li>\n<li data-sourcepos=\"21:1-22:0\"><strong>Tartoz\u00e9kok:<\/strong> A szem\u00e9lyes megjelen\u00e9s \u00e9rdek\u00e9ben d\u00edsz\u00edtse zsebkend\u0151vel, nyakkend\u0151vel vagy s\u00e1llal.<\/li>\n<\/ul>","protected":false},"excerpt":{"rendered":"<table style=\"height: 587px;\" width=\"485\">\n<tbody>\n<tr>\n<td width=\"146\"><strong><b>Term\u00e9k<\/b><\/strong>\u00a0<strong><b>N\u00e9v:<\/b><\/strong><\/td>\n<td width=\"601\"><strong>Fekete tweed kab\u00e1t<\/strong><\/td>\n<\/tr>\n<tr>\n<td width=\"146\"><strong><b>Materlal:<\/b><\/strong><\/td>\n<td width=\"601\">Poli\u00e9szter\/pamut<\/td>\n<\/tr>\n<tr>\n<td width=\"146\"><strong><b>Technika:<\/b><\/strong><\/td>\n<td width=\"601\">Nyomtat\u00e1s \u00e9s fest\u00e9s<\/td>\n<\/tr>\n<tr>\n<td width=\"146\"><strong><b>St\u00edlus:<\/b><\/strong><\/td>\n<td width=\"601\">Alkalmi<\/td>\n<\/tr>\n<tr>\n<td width=\"146\"><strong><b>Sz\u00ednes<\/b><\/strong><strong><b>:<\/b><\/strong><\/td>\n<td width=\"601\">\u00a0Egyedi sz\u00ednek<\/td>\n<\/tr>\n<tr>\n<td width=\"146\"><strong><b>M\u00e9ret:<\/b><\/strong><\/td>\n<td width=\"601\">S \/M \/L \/XL \/2XL<\/td>\n<\/tr>\n<tr>\n<td width=\"146\"><strong><b>OEM\/ODM:<\/b><\/strong><\/td>\n<td width=\"601\">Elfogadhat\u00f3<\/td>\n<\/tr>\n<tr>\n<td width=\"146\"><strong><b>Min\u0151s\u00e9g:<\/b><\/strong><\/td>\n<td width=\"601\">100% Kiv\u00e1l\u00f3 min\u0151s\u00e9g<\/td>\n<\/tr>\n<tr>\n<td width=\"146\"><strong><b>M<\/b><\/strong><strong><b>OQ:<\/b><\/strong><\/td>\n<td width=\"601\">200 db<\/td>\n<\/tr>\n<\/tbody>\n<\/table>","protected":false},"featured_media":1764,"template":"","meta":[],"product_brand":[],"product_cat":[38],"product_tag":[],"class_list":{"0":"post-1763","1":"product","2":"type-product","3":"status-publish","4":"has-post-thumbnail","6":"product_cat-mens-clothing","8":"first","9":"instock","10":"shipping-taxable","11":"product-type-simple"},"_links":{"self":[{"href":"https:\/\/mj-clothing.com\/hu\/wp-json\/wp\/v2\/product\/1763","targetHints":{"allow":["GET"]}}],"collection":[{"href":"https:\/\/mj-clothing.com\/hu\/wp-json\/wp\/v2\/product"}],"about":[{"href":"https:\/\/mj-clothing.com\/hu\/wp-json\/wp\/v2\/types\/product"}],"wp:featuredmedia":[{"embeddable":true,"href":"https:\/\/mj-clothing.com\/hu\/wp-json\/wp\/v2\/media\/1764"}],"wp:attachment":[{"href":"https:\/\/mj-clothing.com\/hu\/wp-json\/wp\/v2\/media?parent=1763"}],"wp:term":[{"taxonomy":"product_brand","embeddable":true,"href":"https:\/\/mj-clothing.com\/hu\/wp-json\/wp\/v2\/product_brand?post=1763"},{"taxonomy":"product_cat","embeddable":true,"href":"https:\/\/mj-clothing.com\/hu\/wp-json\/wp\/v2\/product_cat?post=1763"},{"taxonomy":"product_tag","embeddable":true,"href":"https:\/\/mj-clothing.com\/hu\/wp-json\/wp\/v2\/product_tag?post=1763"}],"curies":[{"name":"wp","href":"https:\/\/api.w.org\/{rel}","templated":true}]}}