{"id":1763,"date":"2024-12-14T03:06:05","date_gmt":"2024-12-14T03:06:05","guid":{"rendered":"https:\/\/mj-clothing.com\/?post_type=product&#038;p=1763"},"modified":"2024-12-17T07:11:45","modified_gmt":"2024-12-17T07:11:45","slug":"black-tweed-jacket","status":"publish","type":"product","link":"https:\/\/mj-clothing.com\/pl\/manufacturer\/black-tweed-jacket\/","title":{"rendered":"Czarna tweedowa kurtka"},"content":{"rendered":"<h2 data-sourcepos=\"1:1-1:113\">Czarna tweedowa kurtka<\/h2>\n<p data-sourcepos=\"1:1-1:113\">Czarna tweedowa marynarka to wszechstronny i stylowy element, kt\u00f3ry mo\u017ce podnie\u015b\u0107 warto\u015b\u0107 ka\u017cdego stroju. Oto dlaczego mo\u017cesz j\u0105 pokocha\u0107:<\/p>\n<p data-sourcepos=\"3:1-3:36\"><strong>Dlaczego warto wybra\u0107 czarn\u0105 tweedow\u0105 marynark\u0119?<\/strong><\/p>\n<ul data-sourcepos=\"5:1-9:0\">\n<li data-sourcepos=\"5:1-5:101\"><strong>Ponadczasowa elegancja:<\/strong> Czarny tweed to klasyczny, wyrafinowany materia\u0142, kt\u00f3ry nigdy nie wychodzi z mody.<\/li>\n<li data-sourcepos=\"6:1-6:95\"><strong>Wszechstronna stylizacja:<\/strong> Mo\u017cna j\u0105 ubiera\u0107 zar\u00f3wno w g\u00f3r\u0119, jak i w d\u00f3\u0142, dzi\u0119ki czemu jest idealna na r\u00f3\u017cne okazje.<\/li>\n<li data-sourcepos=\"7:1-7:103\"><strong>Ciep\u0142o i komfort:<\/strong> Tweed jest trwa\u0142ym i izoluj\u0105cym materia\u0142em, dzi\u0119ki czemu idealnie nadaje si\u0119 na ch\u0142odniejsze dni.<\/li>\n<li data-sourcepos=\"8:1-9:0\"><strong>Teksturowany wygl\u0105d:<\/strong> Unikalny splot tweedu dodaje atrakcyjno\u015bci wizualnej Twojemu strojowi.<\/li>\n<\/ul>\n<p data-sourcepos=\"10:1-10:38\"><strong>Jak stylizowa\u0107 czarny tweedowy \u017cakiet?<\/strong><\/p>\n<ul data-sourcepos=\"12:1-15:0\">\n<li data-sourcepos=\"12:1-12:93\"><strong>Smart Casual:<\/strong> Po\u0142\u0105cz go z chinosami, koszul\u0105 zapinan\u0105 na guziki i mokasynami, aby uzyska\u0107 wyrafinowany wygl\u0105d.<\/li>\n<li data-sourcepos=\"13:1-13:102\"><strong>Business Casual:<\/strong> No\u015b j\u0105 do eleganckich spodni, eleganckiej koszuli i krawata, aby stworzy\u0107 profesjonalny zestaw.<\/li>\n<li data-sourcepos=\"14:1-15:0\"><strong>Casual Chic:<\/strong> Po\u0142\u0105cz go z jeansami, t-shirtem i sneakersami, aby uzyska\u0107 lu\u017any styl.<\/li>\n<\/ul>\n<p data-sourcepos=\"16:1-16:43\"><strong>Wskaz\u00f3wki dotycz\u0105ce wyboru czarnej tweedowej marynarki:<\/strong><\/p>\n<ul data-sourcepos=\"18:1-22:0\">\n<li data-sourcepos=\"18:1-18:71\"><strong>Dopasowanie:<\/strong> Wybierz kurtk\u0119, kt\u00f3ra jest dobrze dopasowana i podkre\u015bla Twoj\u0105 sylwetk\u0119.<\/li>\n<li data-sourcepos=\"19:1-19:109\"><strong>Wz\u00f3r:<\/strong> We\u017a pod uwag\u0119 wz\u00f3r tweedu, niezale\u017cnie od tego, czy jest to klasyczna jode\u0142ka, czy bardziej nowoczesny design.<\/li>\n<li data-sourcepos=\"20:1-20:76\"><strong>Waga:<\/strong> Gramatura tweedu decyduje o tym, jak ciep\u0142a jest kurtka.<\/li>\n<li data-sourcepos=\"21:1-22:0\"><strong>Akcesoria:<\/strong> Dodatki w postaci poszetki, krawata lub szalika dodadz\u0105 indywidualnego charakteru.<\/li>\n<\/ul>","protected":false},"excerpt":{"rendered":"<table style=\"height: 587px;\" width=\"485\">\n<tbody>\n<tr>\n<td width=\"146\"><strong><b>Produkt<\/b><\/strong>\u00a0<strong><b>Imi\u0119 i nazwisko:<\/b><\/strong><\/td>\n<td width=\"601\"><strong>Czarna tweedowa kurtka<\/strong><\/td>\n<\/tr>\n<tr>\n<td width=\"146\"><strong><b>Materlal:<\/b><\/strong><\/td>\n<td width=\"601\">Poliester\/Bawe\u0142na<\/td>\n<\/tr>\n<tr>\n<td width=\"146\"><strong><b>Technika:<\/b><\/strong><\/td>\n<td width=\"601\">Drukowanie i barwienie<\/td>\n<\/tr>\n<tr>\n<td width=\"146\"><strong><b>Styl:<\/b><\/strong><\/td>\n<td width=\"601\">Zwyk\u0142y<\/td>\n<\/tr>\n<tr>\n<td width=\"146\"><strong><b>Kolor<\/b><\/strong><strong><b>:<\/b><\/strong><\/td>\n<td width=\"601\">\u00a0Kolory niestandardowe<\/td>\n<\/tr>\n<tr>\n<td width=\"146\"><strong><b>Rozmiar:<\/b><\/strong><\/td>\n<td width=\"601\">S \/M \/L \/XL \/2XL<\/td>\n<\/tr>\n<tr>\n<td width=\"146\"><strong><b>OEM\/ODM:<\/b><\/strong><\/td>\n<td width=\"601\">Dopuszczalny<\/td>\n<\/tr>\n<tr>\n<td width=\"146\"><strong><b>Jako\u015b\u0107:<\/b><\/strong><\/td>\n<td width=\"601\">100% Wysoka jako\u015b\u0107<\/td>\n<\/tr>\n<tr>\n<td width=\"146\"><strong><b>M<\/b><\/strong><strong><b>OQ:<\/b><\/strong><\/td>\n<td width=\"601\">200 szt.<\/td>\n<\/tr>\n<\/tbody>\n<\/table>","protected":false},"featured_media":1764,"template":"","meta":[],"product_brand":[],"product_cat":[38],"product_tag":[],"class_list":{"0":"post-1763","1":"product","2":"type-product","3":"status-publish","4":"has-post-thumbnail","6":"product_cat-mens-clothing","8":"first","9":"instock","10":"shipping-taxable","11":"product-type-simple"},"_links":{"self":[{"href":"https:\/\/mj-clothing.com\/pl\/wp-json\/wp\/v2\/product\/1763","targetHints":{"allow":["GET"]}}],"collection":[{"href":"https:\/\/mj-clothing.com\/pl\/wp-json\/wp\/v2\/product"}],"about":[{"href":"https:\/\/mj-clothing.com\/pl\/wp-json\/wp\/v2\/types\/product"}],"wp:featuredmedia":[{"embeddable":true,"href":"https:\/\/mj-clothing.com\/pl\/wp-json\/wp\/v2\/media\/1764"}],"wp:attachment":[{"href":"https:\/\/mj-clothing.com\/pl\/wp-json\/wp\/v2\/media?parent=1763"}],"wp:term":[{"taxonomy":"product_brand","embeddable":true,"href":"https:\/\/mj-clothing.com\/pl\/wp-json\/wp\/v2\/product_brand?post=1763"},{"taxonomy":"product_cat","embeddable":true,"href":"https:\/\/mj-clothing.com\/pl\/wp-json\/wp\/v2\/product_cat?post=1763"},{"taxonomy":"product_tag","embeddable":true,"href":"https:\/\/mj-clothing.com\/pl\/wp-json\/wp\/v2\/product_tag?post=1763"}],"curies":[{"name":"wp","href":"https:\/\/api.w.org\/{rel}","templated":true}]}}