{"id":1813,"date":"2024-12-14T07:39:40","date_gmt":"2024-12-14T07:39:40","guid":{"rendered":"https:\/\/mj-clothing.com\/?post_type=product&#038;p=1813"},"modified":"2024-12-17T06:49:41","modified_gmt":"2024-12-17T06:49:41","slug":"flannel-lined-jacket","status":"publish","type":"product","link":"https:\/\/mj-clothing.com\/pl\/manufacturer\/flannel-lined-jacket\/","title":{"rendered":"Kurtka z flanelow\u0105 podszewk\u0105"},"content":{"rendered":"<h2 data-sourcepos=\"1:1-1:46\">M\u0119skie kurtki z flanelow\u0105 podszewk\u0105: Przytulny klasyk<\/h2>\n<p data-sourcepos=\"3:1-3:223\"><span class=\"citation-0 recitation citation-end-0\">Kurtka z flanelow\u0105 podszewk\u0105 to klasyczny element odzie\u017cy wierzchniej, kt\u00f3ry zapewnia ciep\u0142o, wygod\u0119 i styl.<\/span> Jest idealny na ch\u0142odne jesienne i zimowe dni, kiedy potrzebujesz odrobiny dodatkowego ciep\u0142a bez po\u015bwi\u0119cania stylu.<\/p>\n<p data-sourcepos=\"3:1-3:223\"><strong>\u00a0 \u00a0 \u00a0Dlaczego warto wybra\u0107 kurtk\u0119 z flanelow\u0105 podszewk\u0105?<\/strong><\/p>\n<ul data-sourcepos=\"7:1-11:0\">\n<li data-sourcepos=\"7:1-7:103\"><strong>Ciep\u0142o:<\/strong> <span class=\"citation-1 recitation citation-end-1\">Flanelowa podszewka zapewnia doskona\u0142\u0105 izolacj\u0119, zapewniaj\u0105c ciep\u0142o i przytulno\u015b\u0107.<\/span><span class=\"button-container hide-from-message-actions ng-star-inserted\">\u00a0<\/span>\n<div class=\"container ng-tns-c2946245707-430 hide\">\n<div class=\"carousel-container ng-tns-c2946245707-430\"><\/div>\n<\/div>\n<\/li>\n<li data-sourcepos=\"8:1-8:103\"><strong>Komfort:<\/strong> <span class=\"citation-2 recitation citation-end-2\">Flanela to mi\u0119kki i wygodny materia\u0142, kt\u00f3ry doskonale przylega do sk\u00f3ry.<\/span><span class=\"button-container hide-from-message-actions ng-star-inserted\"> \u00a0<\/span>\n<div class=\"container ng-tns-c2946245707-431 hide\">\n<div class=\"carousel-container ng-tns-c2946245707-431\"><\/div>\n<\/div>\n<\/li>\n<li data-sourcepos=\"9:1-9:119\"><strong>Styl:<\/strong> <span class=\"citation-3 recitation citation-end-3\">Kurtki z podszewk\u0105 flanelow\u0105 mo\u017cna ubiera\u0107 zar\u00f3wno w g\u00f3r\u0119, jak i w d\u00f3\u0142, dzi\u0119ki czemu s\u0105 uniwersalne na r\u00f3\u017cne okazje.<\/span><span class=\"button-container hide-from-message-actions ng-star-inserted\"> \u00a0<\/span>\n<div class=\"container ng-tns-c2946245707-432 hide\">\n<div class=\"carousel-container ng-tns-c2946245707-432\"><\/div>\n<\/div>\n<\/li>\n<li data-sourcepos=\"10:1-11:0\"><strong><span class=\"citation-4 recitation\">Trwa\u0142o\u015b\u0107:<\/span><\/strong><span class=\"citation-4 recitation citation-end-4\"> Flanela to wytrzyma\u0142a tkanina, kt\u00f3ra mo\u017ce wytrzyma\u0107 regularne zu\u017cycie.<\/span><span class=\"button-container hide-from-message-actions ng-star-inserted\">\u00a0<\/span>\n<div class=\"container ng-tns-c2946245707-433 hide\">\n<div class=\"carousel-container ng-tns-c2946245707-433\">\n<div class=\"carousel-content ng-tns-c2946245707-433\">\n<div class=\"sources-carousel-source ng-tns-c2946245707-433 hide ng-star-inserted\" data-test-id=\"sources-carousel-source\"><\/div>\n<\/div>\n<\/div>\n<\/div>\n<\/li>\n<\/ul>\n<p data-sourcepos=\"12:1-12:40\"><strong>Jak nosi\u0107 kurtk\u0119 z flanelow\u0105 podszewk\u0105?<\/strong><\/p>\n<ul data-sourcepos=\"14:1-17:0\">\n<li data-sourcepos=\"14:1-14:77\"><strong>Na co dzie\u0144:<\/strong> Po\u0142\u0105cz go z d\u017cinsami, t-shirtem i trampkami, aby uzyska\u0107 swobodny wygl\u0105d.<\/li>\n<li data-sourcepos=\"15:1-15:96\"><strong>Smart Casual:<\/strong> No\u015b go z chinosami, koszul\u0105 zapinan\u0105 na guziki i mokasynami, aby uzyska\u0107 elegancki str\u00f3j.<\/li>\n<li data-sourcepos=\"16:1-17:0\"><strong>Zaj\u0119cia na \u015bwie\u017cym powietrzu:<\/strong> Na\u0142\u00f3\u017c j\u0105 na polar lub bluz\u0119 z kapturem, aby uzyska\u0107 dodatkowe ciep\u0142o podczas przyg\u00f3d na \u015bwie\u017cym powietrzu.<\/li>\n<\/ul>\n<p data-sourcepos=\"18:1-18:46\"><strong>Gdzie znale\u017a\u0107 M\u0119skie kurtki flanelowe z podszewk\u0105?<\/strong><\/p>\n<ul data-sourcepos=\"20:1-23:0\">\n<li data-sourcepos=\"20:1-20:86\"><strong>Domy towarowe:<\/strong> Szukaj marek, kt\u00f3re oferuj\u0105 r\u00f3\u017cnorodne style i materia\u0142y.<\/li>\n<li data-sourcepos=\"21:1-21:136\"><strong><span class=\"citation-5 recitation\">Sprzedawcy internetowi:<\/span><\/strong><span class=\"citation-5 recitation citation-end-5\"> Strony takie jak Amazon, eBay i inni sprzedawcy internetowi oferuj\u0105 szerok\u0105 gam\u0119 kurtek z podszewk\u0105 flanelow\u0105.<\/span><span class=\"button-container hide-from-message-actions ng-star-inserted\">\u00a0<\/span>\n<div class=\"container ng-tns-c2946245707-434 hide\">\n<div class=\"carousel-container ng-tns-c2946245707-434\"><\/div>\n<\/div>\n<\/li>\n<li data-sourcepos=\"22:1-23:0\"><strong>Sklepy z odzie\u017c\u0105 outdoorow\u0105:<\/strong> Sklepy specjalizuj\u0105ce si\u0119 w sprz\u0119cie outdoorowym cz\u0119sto oferuj\u0105 kurtki z flanelow\u0105 podszewk\u0105 przeznaczone do konkretnych aktywno\u015bci.<\/li>\n<\/ul>\n<p data-sourcepos=\"24:1-24:45\"><strong>Wskaz\u00f3wki dotycz\u0105ce wyboru kurtki z flanelow\u0105 podszewk\u0105:<\/strong><\/p>\n<ul data-sourcepos=\"26:1-30:0\">\n<li data-sourcepos=\"26:1-26:128\"><strong>Materia\u0142:<\/strong> We\u017a pod uwag\u0119 wag\u0119 i grubo\u015b\u0107 flanelowej podszewki, poniewa\u017c wp\u0142ynie ona na ciep\u0142o i komfort kurtki.<\/li>\n<li data-sourcepos=\"27:1-27:69\"><strong>Dopasowanie:<\/strong> Wybierz kurtk\u0119, kt\u00f3ra jest dobrze dopasowana i wygodna w noszeniu.<\/li>\n<li data-sourcepos=\"28:1-28:108\"><strong>Styl:<\/strong> Wybierz styl, kt\u00f3ry pasuje do Twojego gustu, na przyk\u0142ad kurtk\u0119 bomberk\u0119, kurtk\u0119 polow\u0105 lub park\u0119.<\/li>\n<li data-sourcepos=\"29:1-30:0\"><strong>Cechy:<\/strong> Rozwa\u017c dodatkowe funkcje, takie jak kieszenie, kaptur ze sznurkiem oraz pr\u0105\u017ckowane mankiety i d\u00f3\u0142.<\/li>\n<\/ul>\n<p data-sourcepos=\"31:1-31:198\">Inwestuj\u0105c w wysokiej jako\u015bci kurtk\u0119 z flanelow\u0105 podszewk\u0105, zyskujesz nie tylko stylowe i funkcjonalne ubranie, ale tak\u017ce element garderoby, kt\u00f3ry zapewni ci ciep\u0142o i wygod\u0119 przez wiele lat.<\/p>","protected":false},"excerpt":{"rendered":"<table style=\"height: 478px;\" width=\"452\">\n<tbody>\n<tr>\n<td width=\"146\"><strong><b>Produkt<\/b><\/strong>\u00a0<strong><b>Imi\u0119 i nazwisko:<\/b><\/strong><\/td>\n<td width=\"601\"><strong>Kurtka z flanelow\u0105 podszewk\u0105<\/strong><\/td>\n<\/tr>\n<tr>\n<td width=\"146\"><strong><b>Materlal:<\/b><\/strong><\/td>\n<td width=\"601\">Poliester\/Bawe\u0142na<\/td>\n<\/tr>\n<tr>\n<td width=\"146\"><strong><b>Technika:<\/b><\/strong><\/td>\n<td width=\"601\">Zwyk\u0142a bawe\u0142na<\/td>\n<\/tr>\n<tr>\n<td width=\"146\"><strong><b>Styl:<\/b><\/strong><\/td>\n<td width=\"601\">Zwyk\u0142y<\/td>\n<\/tr>\n<tr>\n<td width=\"146\"><strong><b>Kolor<\/b><\/strong><strong><b>:<\/b><\/strong><\/td>\n<td width=\"601\">\u00a0Kolory niestandardowe<\/td>\n<\/tr>\n<tr>\n<td width=\"146\"><strong><b>Rozmiar:<\/b><\/strong><\/td>\n<td width=\"601\">S \/M \/L \/XL \/2XL<\/td>\n<\/tr>\n<tr>\n<td width=\"146\"><strong><b>OEM\/ODM:<\/b><\/strong><\/td>\n<td width=\"601\">Dopuszczalny<\/td>\n<\/tr>\n<tr>\n<td width=\"146\"><strong><b>Jako\u015b\u0107:<\/b><\/strong><\/td>\n<td width=\"601\">100% Wysoka jako\u015b\u0107<\/td>\n<\/tr>\n<tr>\n<td width=\"146\"><strong><b>M<\/b><\/strong><strong><b>OQ:<\/b><\/strong><\/td>\n<td width=\"601\">200 szt.<\/td>\n<\/tr>\n<\/tbody>\n<\/table>","protected":false},"featured_media":1814,"template":"","meta":[],"product_brand":[],"product_cat":[38],"product_tag":[],"class_list":{"0":"post-1813","1":"product","2":"type-product","3":"status-publish","4":"has-post-thumbnail","6":"product_cat-mens-clothing","8":"first","9":"instock","10":"shipping-taxable","11":"product-type-simple"},"_links":{"self":[{"href":"https:\/\/mj-clothing.com\/pl\/wp-json\/wp\/v2\/product\/1813","targetHints":{"allow":["GET"]}}],"collection":[{"href":"https:\/\/mj-clothing.com\/pl\/wp-json\/wp\/v2\/product"}],"about":[{"href":"https:\/\/mj-clothing.com\/pl\/wp-json\/wp\/v2\/types\/product"}],"wp:featuredmedia":[{"embeddable":true,"href":"https:\/\/mj-clothing.com\/pl\/wp-json\/wp\/v2\/media\/1814"}],"wp:attachment":[{"href":"https:\/\/mj-clothing.com\/pl\/wp-json\/wp\/v2\/media?parent=1813"}],"wp:term":[{"taxonomy":"product_brand","embeddable":true,"href":"https:\/\/mj-clothing.com\/pl\/wp-json\/wp\/v2\/product_brand?post=1813"},{"taxonomy":"product_cat","embeddable":true,"href":"https:\/\/mj-clothing.com\/pl\/wp-json\/wp\/v2\/product_cat?post=1813"},{"taxonomy":"product_tag","embeddable":true,"href":"https:\/\/mj-clothing.com\/pl\/wp-json\/wp\/v2\/product_tag?post=1813"}],"curies":[{"name":"wp","href":"https:\/\/api.w.org\/{rel}","templated":true}]}}