{"id":1763,"date":"2024-12-14T03:06:05","date_gmt":"2024-12-14T03:06:05","guid":{"rendered":"https:\/\/mj-clothing.com\/?post_type=product&#038;p=1763"},"modified":"2024-12-17T07:11:45","modified_gmt":"2024-12-17T07:11:45","slug":"black-tweed-jacket","status":"publish","type":"product","link":"https:\/\/mj-clothing.com\/ro\/manufacturer\/black-tweed-jacket\/","title":{"rendered":"Jachet\u0103 Tweed negru"},"content":{"rendered":"<h2 data-sourcepos=\"1:1-1:113\">Jachet\u0103 Tweed negru<\/h2>\n<p data-sourcepos=\"1:1-1:113\">O jachet\u0103 neagr\u0103 din tweed este o pies\u0103 versatil\u0103 \u0219i elegant\u0103 care poate ridica orice \u021binut\u0103. Iat\u0103 de ce \u021bi-ar putea pl\u0103cea una:<\/p>\n<p data-sourcepos=\"3:1-3:36\"><strong>De ce s\u0103 alege\u021bi o jachet\u0103 Black Tweed?<\/strong><\/p>\n<ul data-sourcepos=\"5:1-9:0\">\n<li data-sourcepos=\"5:1-5:101\"><strong>Elegan\u021b\u0103 atemporal\u0103:<\/strong> Tweedul negru este o \u021bes\u0103tur\u0103 clasic\u0103, sofisticat\u0103, care nu se demodeaz\u0103 niciodat\u0103.<\/li>\n<li data-sourcepos=\"6:1-6:95\"><strong>Styling versatil:<\/strong> Poate fi \u00eembr\u0103cat\u0103 \u00een sus sau \u00een jos, ceea ce o face perfect\u0103 pentru diferite ocazii.<\/li>\n<li data-sourcepos=\"7:1-7:103\"><strong>C\u0103ldur\u0103 \u0219i confort:<\/strong> Tweed este o \u021bes\u0103tur\u0103 durabil\u0103 \u0219i izolant\u0103, ceea ce o face ideal\u0103 pentru vremea rece.<\/li>\n<li data-sourcepos=\"8:1-9:0\"><strong>Aspect texturat:<\/strong> \u021aes\u0103tura unic\u0103 a tweedului adaug\u0103 interes vizual \u021binutei tale.<\/li>\n<\/ul>\n<p data-sourcepos=\"10:1-10:38\"><strong>Cum s\u0103 aranjezi o jachet\u0103 neagr\u0103 -Tweed:<\/strong><\/p>\n<ul data-sourcepos=\"12:1-15:0\">\n<li data-sourcepos=\"12:1-12:93\"><strong>Smart Casual:<\/strong> Asocia\u021bi-l cu pantaloni chino, o c\u0103ma\u0219\u0103 cu nasturi \u0219i mocasini pentru un look rafinat.<\/li>\n<li data-sourcepos=\"13:1-13:102\"><strong>Business Casual:<\/strong> Purta\u021bi-l cu pantaloni, o c\u0103ma\u0219\u0103 \u0219i o cravat\u0103 pentru un ansamblu profesional.<\/li>\n<li data-sourcepos=\"14:1-15:0\"><strong>Casual Chic:<\/strong> Combin\u0103-l cu blugi, un tricou \u0219i adida\u0219i pentru un stil relaxat.<\/li>\n<\/ul>\n<p data-sourcepos=\"16:1-16:43\"><strong>Sfaturi pentru alegerea unei jachete Black Tweed:<\/strong><\/p>\n<ul data-sourcepos=\"18:1-22:0\">\n<li data-sourcepos=\"18:1-18:71\"><strong>Se potrive\u0219te:<\/strong> Alege\u021bi o jachet\u0103 care s\u0103 vi se potriveasc\u0103 bine \u0219i s\u0103 v\u0103 flateze forma corpului.<\/li>\n<li data-sourcepos=\"19:1-19:109\"><strong>Model:<\/strong> Lua\u021bi \u00een considerare modelul tweed-ului, fie c\u0103 este vorba de un model clasic \u00een form\u0103 de heringbone sau de un model mai modern.<\/li>\n<li data-sourcepos=\"20:1-20:76\"><strong>Greutate:<\/strong> Greutatea tweedului va determina c\u00e2t de cald\u0103 este jacheta.<\/li>\n<li data-sourcepos=\"21:1-22:0\"><strong>Accesorii:<\/strong> Accesoriza\u021bi cu un p\u0103trat de buzunar, o cravat\u0103 sau o e\u0219arf\u0103 pentru a ad\u0103uga o not\u0103 personal\u0103.<\/li>\n<\/ul>","protected":false},"excerpt":{"rendered":"<table style=\"height: 587px;\" width=\"485\">\n<tbody>\n<tr>\n<td width=\"146\"><strong><b>Produs<\/b><\/strong>\u00a0<strong><b>Nume:<\/b><\/strong><\/td>\n<td width=\"601\"><strong>Jachet\u0103 Tweed negru<\/strong><\/td>\n<\/tr>\n<tr>\n<td width=\"146\"><strong><b>Materlal:<\/b><\/strong><\/td>\n<td width=\"601\">Poliester\/Cotton<\/td>\n<\/tr>\n<tr>\n<td width=\"146\"><strong><b>Tehnic\u0103:<\/b><\/strong><\/td>\n<td width=\"601\">Imprimare \u0219i vopsire<\/td>\n<\/tr>\n<tr>\n<td width=\"146\"><strong><b>Stil:<\/b><\/strong><\/td>\n<td width=\"601\">Casual<\/td>\n<\/tr>\n<tr>\n<td width=\"146\"><strong><b>Culoare<\/b><\/strong><strong><b>:<\/b><\/strong><\/td>\n<td width=\"601\">\u00a0Culori personalizate<\/td>\n<\/tr>\n<tr>\n<td width=\"146\"><strong><b>Dimensiune:<\/b><\/strong><\/td>\n<td width=\"601\">S \/M \/L \/XL \/2XL<\/td>\n<\/tr>\n<tr>\n<td width=\"146\"><strong><b>OEM\/ODM:<\/b><\/strong><\/td>\n<td width=\"601\">Acceptabil<\/td>\n<\/tr>\n<tr>\n<td width=\"146\"><strong><b>Calitate:<\/b><\/strong><\/td>\n<td width=\"601\">100% De \u00eenalt\u0103 calitate<\/td>\n<\/tr>\n<tr>\n<td width=\"146\"><strong><b>M<\/b><\/strong><strong><b>OQ:<\/b><\/strong><\/td>\n<td width=\"601\">200 buc<\/td>\n<\/tr>\n<\/tbody>\n<\/table>","protected":false},"featured_media":1764,"template":"","meta":[],"product_brand":[],"product_cat":[38],"product_tag":[],"class_list":{"0":"post-1763","1":"product","2":"type-product","3":"status-publish","4":"has-post-thumbnail","6":"product_cat-mens-clothing","8":"first","9":"instock","10":"shipping-taxable","11":"product-type-simple"},"_links":{"self":[{"href":"https:\/\/mj-clothing.com\/ro\/wp-json\/wp\/v2\/product\/1763","targetHints":{"allow":["GET"]}}],"collection":[{"href":"https:\/\/mj-clothing.com\/ro\/wp-json\/wp\/v2\/product"}],"about":[{"href":"https:\/\/mj-clothing.com\/ro\/wp-json\/wp\/v2\/types\/product"}],"wp:featuredmedia":[{"embeddable":true,"href":"https:\/\/mj-clothing.com\/ro\/wp-json\/wp\/v2\/media\/1764"}],"wp:attachment":[{"href":"https:\/\/mj-clothing.com\/ro\/wp-json\/wp\/v2\/media?parent=1763"}],"wp:term":[{"taxonomy":"product_brand","embeddable":true,"href":"https:\/\/mj-clothing.com\/ro\/wp-json\/wp\/v2\/product_brand?post=1763"},{"taxonomy":"product_cat","embeddable":true,"href":"https:\/\/mj-clothing.com\/ro\/wp-json\/wp\/v2\/product_cat?post=1763"},{"taxonomy":"product_tag","embeddable":true,"href":"https:\/\/mj-clothing.com\/ro\/wp-json\/wp\/v2\/product_tag?post=1763"}],"curies":[{"name":"wp","href":"https:\/\/api.w.org\/{rel}","templated":true}]}}