{"id":1813,"date":"2024-12-14T07:39:40","date_gmt":"2024-12-14T07:39:40","guid":{"rendered":"https:\/\/mj-clothing.com\/?post_type=product&#038;p=1813"},"modified":"2024-12-17T06:49:41","modified_gmt":"2024-12-17T06:49:41","slug":"flannel-lined-jacket","status":"publish","type":"product","link":"https:\/\/mj-clothing.com\/ro\/manufacturer\/flannel-lined-jacket\/","title":{"rendered":"Jachet\u0103 c\u0103ptu\u0219it\u0103 cu flanel"},"content":{"rendered":"<h2 data-sourcepos=\"1:1-1:46\">Jachete b\u0103rb\u0103te\u0219ti c\u0103ptu\u0219ite cu flanel: Un clasic confortabil<\/h2>\n<p data-sourcepos=\"3:1-3:223\"><span class=\"citation-0 recitation citation-end-0\">O jachet\u0103 c\u0103ptu\u0219it\u0103 cu flanel este o pies\u0103 clasic\u0103 de \u00eembr\u0103c\u0103minte exterioar\u0103 care ofer\u0103 c\u0103ldur\u0103, confort \u0219i stil.<\/span> Este perfect pentru zilele r\u0103coroase de toamn\u0103 \u0219i iarn\u0103, c\u00e2nd ave\u021bi nevoie de un pic de c\u0103ldur\u0103 suplimentar\u0103, f\u0103r\u0103 a sacrifica stilul.<\/p>\n<p data-sourcepos=\"3:1-3:223\"><strong>\u00a0 \u00a0 \u00a0De ce s\u0103 alege\u021bi o jachet\u0103 c\u0103ptu\u0219it\u0103 cu flanel?<\/strong><\/p>\n<ul data-sourcepos=\"7:1-11:0\">\n<li data-sourcepos=\"7:1-7:103\"><strong>C\u0103ldura:<\/strong> <span class=\"citation-1 recitation citation-end-1\">C\u0103ptu\u0219eala din flanel asigur\u0103 o izolare excelent\u0103, men\u021bin\u00e2ndu-v\u0103 cald \u0219i confortabil.<\/span><span class=\"button-container hide-from-message-actions ng-star-inserted\">\u00a0<\/span>\n<div class=\"container ng-tns-c2946245707-430 hide\">\n<div class=\"carousel-container ng-tns-c2946245707-430\"><\/div>\n<\/div>\n<\/li>\n<li data-sourcepos=\"8:1-8:103\"><strong>Confort:<\/strong> <span class=\"citation-2 recitation citation-end-2\">Flanela este o \u021bes\u0103tur\u0103 moale \u0219i confortabil\u0103 care se simte foarte bine pe piele.<\/span><span class=\"button-container hide-from-message-actions ng-star-inserted\"> \u00a0<\/span>\n<div class=\"container ng-tns-c2946245707-431 hide\">\n<div class=\"carousel-container ng-tns-c2946245707-431\"><\/div>\n<\/div>\n<\/li>\n<li data-sourcepos=\"9:1-9:119\"><strong>Stil:<\/strong> <span class=\"citation-3 recitation citation-end-3\">Jachetele cu c\u0103ptu\u0219eal\u0103 de flanel pot fi \u00eembr\u0103cate \u00een stil modern sau modern, ceea ce le face versatile pentru diverse ocazii.<\/span><span class=\"button-container hide-from-message-actions ng-star-inserted\"> \u00a0<\/span>\n<div class=\"container ng-tns-c2946245707-432 hide\">\n<div class=\"carousel-container ng-tns-c2946245707-432\"><\/div>\n<\/div>\n<\/li>\n<li data-sourcepos=\"10:1-11:0\"><strong><span class=\"citation-4 recitation\">Durabilitate:<\/span><\/strong><span class=\"citation-4 recitation citation-end-4\"> Flanelul este o \u021bes\u0103tur\u0103 durabil\u0103 care poate rezista uzurii regulate.<\/span><span class=\"button-container hide-from-message-actions ng-star-inserted\">\u00a0<\/span>\n<div class=\"container ng-tns-c2946245707-433 hide\">\n<div class=\"carousel-container ng-tns-c2946245707-433\">\n<div class=\"carousel-content ng-tns-c2946245707-433\">\n<div class=\"sources-carousel-source ng-tns-c2946245707-433 hide ng-star-inserted\" data-test-id=\"sources-carousel-source\"><\/div>\n<\/div>\n<\/div>\n<\/div>\n<\/li>\n<\/ul>\n<p data-sourcepos=\"12:1-12:40\"><strong>Cum s\u0103 purta\u021bi o jachet\u0103 c\u0103ptu\u0219it\u0103 cu flanel:<\/strong><\/p>\n<ul data-sourcepos=\"14:1-17:0\">\n<li data-sourcepos=\"14:1-14:77\"><strong>Casual:<\/strong> Asocia\u021bi-l cu blugi, tricou \u0219i adida\u0219i pentru un look relaxat.<\/li>\n<li data-sourcepos=\"15:1-15:96\"><strong>Smart Casual:<\/strong> Purta\u021bi-l cu pantaloni chino, o c\u0103ma\u0219\u0103 cu nasturi \u0219i mocasini pentru o \u021binut\u0103 \u00eengrijit\u0103.<\/li>\n<li data-sourcepos=\"16:1-17:0\"><strong>Activit\u0103\u021bi \u00een aer liber:<\/strong> Pune\u021bi-l peste un hanorac sau un hanorac cu glug\u0103 pentru mai mult\u0103 c\u0103ldur\u0103 \u00een timpul aventurilor \u00een aer liber.<\/li>\n<\/ul>\n<p data-sourcepos=\"18:1-18:46\"><strong>Unde s\u0103 g\u0103si\u021bi jachete c\u0103ptu\u0219ite cu flanel pentru b\u0103rba\u021bi:<\/strong><\/p>\n<ul data-sourcepos=\"20:1-23:0\">\n<li data-sourcepos=\"20:1-20:86\"><strong>Mari magazine:<\/strong> C\u0103uta\u021bi m\u0103rci care ofer\u0103 o varietate de stiluri \u0219i materiale.<\/li>\n<li data-sourcepos=\"21:1-21:136\"><strong><span class=\"citation-5 recitation\">Retaileri online:<\/span><\/strong><span class=\"citation-5 recitation citation-end-5\"> Site-uri precum Amazon, eBay \u0219i al\u021bi comercian\u021bi cu am\u0103nuntul online ofer\u0103 o gam\u0103 larg\u0103 de jachete c\u0103ptu\u0219ite cu flanel\u0103.<\/span><span class=\"button-container hide-from-message-actions ng-star-inserted\">\u00a0<\/span>\n<div class=\"container ng-tns-c2946245707-434 hide\">\n<div class=\"carousel-container ng-tns-c2946245707-434\"><\/div>\n<\/div>\n<\/li>\n<li data-sourcepos=\"22:1-23:0\"><strong>Magazine de \u00eembr\u0103c\u0103minte pentru exterior:<\/strong> Magazinele specializate \u00een echipamente pentru activit\u0103\u021bi \u00een aer liber au adesea jachete c\u0103ptu\u0219ite cu flanel concepute pentru activit\u0103\u021bi specifice.<\/li>\n<\/ul>\n<p data-sourcepos=\"24:1-24:45\"><strong>Sfaturi pentru alegerea unei jachete c\u0103ptu\u0219ite cu flanel:<\/strong><\/p>\n<ul data-sourcepos=\"26:1-30:0\">\n<li data-sourcepos=\"26:1-26:128\"><strong>Material:<\/strong> Lua\u021bi \u00een considerare greutatea \u0219i grosimea c\u0103ptu\u0219elii de flanel\u0103, deoarece aceasta va afecta c\u0103ldura \u0219i confortul jachetei.<\/li>\n<li data-sourcepos=\"27:1-27:69\"><strong>Se potrive\u0219te:<\/strong> Alege\u021bi o jachet\u0103 care se potrive\u0219te bine \u0219i care este confortabil de purtat.<\/li>\n<li data-sourcepos=\"28:1-28:108\"><strong>Stil:<\/strong> Selecta\u021bi un stil care se potrive\u0219te gustului dvs. personal, cum ar fi o jachet\u0103 bomber, o jachet\u0103 de teren sau o parka.<\/li>\n<li data-sourcepos=\"29:1-30:0\"><strong>Caracteristici:<\/strong> Lua\u021bi \u00een considerare caracteristicile suplimentare, cum ar fi buzunarele, o glug\u0103 cu cordon \u0219i o man\u0219et\u0103 \u0219i un tiv cu nervuri.<\/li>\n<\/ul>\n<p data-sourcepos=\"31:1-31:198\">Investind \u00eentr-o jachet\u0103 c\u0103ptu\u0219it\u0103 cu flanel\u0103 de \u00eenalt\u0103 calitate, nu ob\u021bine\u021bi doar un articol de \u00eembr\u0103c\u0103minte elegant \u0219i func\u021bional, ci \u0219i o pies\u0103 de \u00eembr\u0103c\u0103minte care v\u0103 va \u021bine de cald \u0219i confortabil pentru anii urm\u0103tori.<\/p>","protected":false},"excerpt":{"rendered":"<table style=\"height: 478px;\" width=\"452\">\n<tbody>\n<tr>\n<td width=\"146\"><strong><b>Produs<\/b><\/strong>\u00a0<strong><b>Nume:<\/b><\/strong><\/td>\n<td width=\"601\"><strong>Jachet\u0103 c\u0103ptu\u0219it\u0103 cu flanel<\/strong><\/td>\n<\/tr>\n<tr>\n<td width=\"146\"><strong><b>Materlal:<\/b><\/strong><\/td>\n<td width=\"601\">Poliester\/Cotton<\/td>\n<\/tr>\n<tr>\n<td width=\"146\"><strong><b>Tehnic\u0103:<\/b><\/strong><\/td>\n<td width=\"601\">Bumbac simplu<\/td>\n<\/tr>\n<tr>\n<td width=\"146\"><strong><b>Stil:<\/b><\/strong><\/td>\n<td width=\"601\">Casual<\/td>\n<\/tr>\n<tr>\n<td width=\"146\"><strong><b>Culoare<\/b><\/strong><strong><b>:<\/b><\/strong><\/td>\n<td width=\"601\">\u00a0Culori personalizate<\/td>\n<\/tr>\n<tr>\n<td width=\"146\"><strong><b>Dimensiune:<\/b><\/strong><\/td>\n<td width=\"601\">S \/M \/L \/XL \/2XL<\/td>\n<\/tr>\n<tr>\n<td width=\"146\"><strong><b>OEM\/ODM:<\/b><\/strong><\/td>\n<td width=\"601\">Acceptabil<\/td>\n<\/tr>\n<tr>\n<td width=\"146\"><strong><b>Calitate:<\/b><\/strong><\/td>\n<td width=\"601\">100% De \u00eenalt\u0103 calitate<\/td>\n<\/tr>\n<tr>\n<td width=\"146\"><strong><b>M<\/b><\/strong><strong><b>OQ:<\/b><\/strong><\/td>\n<td width=\"601\">200 buc<\/td>\n<\/tr>\n<\/tbody>\n<\/table>","protected":false},"featured_media":1814,"template":"","meta":[],"product_brand":[],"product_cat":[38],"product_tag":[],"class_list":{"0":"post-1813","1":"product","2":"type-product","3":"status-publish","4":"has-post-thumbnail","6":"product_cat-mens-clothing","8":"first","9":"instock","10":"shipping-taxable","11":"product-type-simple"},"_links":{"self":[{"href":"https:\/\/mj-clothing.com\/ro\/wp-json\/wp\/v2\/product\/1813","targetHints":{"allow":["GET"]}}],"collection":[{"href":"https:\/\/mj-clothing.com\/ro\/wp-json\/wp\/v2\/product"}],"about":[{"href":"https:\/\/mj-clothing.com\/ro\/wp-json\/wp\/v2\/types\/product"}],"wp:featuredmedia":[{"embeddable":true,"href":"https:\/\/mj-clothing.com\/ro\/wp-json\/wp\/v2\/media\/1814"}],"wp:attachment":[{"href":"https:\/\/mj-clothing.com\/ro\/wp-json\/wp\/v2\/media?parent=1813"}],"wp:term":[{"taxonomy":"product_brand","embeddable":true,"href":"https:\/\/mj-clothing.com\/ro\/wp-json\/wp\/v2\/product_brand?post=1813"},{"taxonomy":"product_cat","embeddable":true,"href":"https:\/\/mj-clothing.com\/ro\/wp-json\/wp\/v2\/product_cat?post=1813"},{"taxonomy":"product_tag","embeddable":true,"href":"https:\/\/mj-clothing.com\/ro\/wp-json\/wp\/v2\/product_tag?post=1813"}],"curies":[{"name":"wp","href":"https:\/\/api.w.org\/{rel}","templated":true}]}}