{"id":1813,"date":"2024-12-14T07:39:40","date_gmt":"2024-12-14T07:39:40","guid":{"rendered":"https:\/\/mj-clothing.com\/?post_type=product&#038;p=1813"},"modified":"2024-12-17T06:49:41","modified_gmt":"2024-12-17T06:49:41","slug":"flannel-lined-jacket","status":"publish","type":"product","link":"https:\/\/mj-clothing.com\/sv\/manufacturer\/flannel-lined-jacket\/","title":{"rendered":"Flanellfodrad jacka"},"content":{"rendered":"<h2 data-sourcepos=\"1:1-1:46\">Flanellfodrade jackor f\u00f6r m\u00e4n: En mysig klassiker<\/h2>\n<p data-sourcepos=\"3:1-3:223\"><span class=\"citation-0 recitation citation-end-0\">En flanellfodrad jacka \u00e4r ett klassiskt ytterplagg som ger v\u00e4rme, komfort och stil.<\/span> Den \u00e4r perfekt f\u00f6r de kyliga h\u00f6st- och vinterdagarna n\u00e4r du beh\u00f6ver lite extra v\u00e4rme utan att g\u00f6ra avkall p\u00e5 stilen.<\/p>\n<p data-sourcepos=\"3:1-3:223\"><strong>\u00a0 \u00a0 \u00a0Varf\u00f6r v\u00e4lja en flanellfodrad jacka?<\/strong><\/p>\n<ul data-sourcepos=\"7:1-11:0\">\n<li data-sourcepos=\"7:1-7:103\"><strong>V\u00e4rme:<\/strong> <span class=\"citation-1 recitation citation-end-1\">Flanellfodret ger utm\u00e4rkt isolering och h\u00e5ller dig varm och ombonad.<\/span><span class=\"button-container hide-from-message-actions ng-star-inserted\">\u00a0<\/span>\n<div class=\"container ng-tns-c2946245707-430 hide\">\n<div class=\"carousel-container ng-tns-c2946245707-430\"><\/div>\n<\/div>\n<\/li>\n<li data-sourcepos=\"8:1-8:103\"><strong>Komfort:<\/strong> <span class=\"citation-2 recitation citation-end-2\">Flanell \u00e4r ett mjukt och bekv\u00e4mt tyg som k\u00e4nns sk\u00f6nt mot huden.<\/span><span class=\"button-container hide-from-message-actions ng-star-inserted\"> \u00a0<\/span>\n<div class=\"container ng-tns-c2946245707-431 hide\">\n<div class=\"carousel-container ng-tns-c2946245707-431\"><\/div>\n<\/div>\n<\/li>\n<li data-sourcepos=\"9:1-9:119\"><strong>Stil:<\/strong> <span class=\"citation-3 recitation citation-end-3\">Flanellfodrade kavajer kan kl\u00e4s upp eller ner, vilket g\u00f6r dem m\u00e5ngsidiga f\u00f6r olika tillf\u00e4llen.<\/span><span class=\"button-container hide-from-message-actions ng-star-inserted\"> \u00a0<\/span>\n<div class=\"container ng-tns-c2946245707-432 hide\">\n<div class=\"carousel-container ng-tns-c2946245707-432\"><\/div>\n<\/div>\n<\/li>\n<li data-sourcepos=\"10:1-11:0\"><strong><span class=\"citation-4 recitation\">H\u00e5llbarhet:<\/span><\/strong><span class=\"citation-4 recitation citation-end-4\"> Flanell \u00e4r ett slitstarkt tyg som t\u00e5l regelbundet slitage.<\/span><span class=\"button-container hide-from-message-actions ng-star-inserted\">\u00a0<\/span>\n<div class=\"container ng-tns-c2946245707-433 hide\">\n<div class=\"carousel-container ng-tns-c2946245707-433\">\n<div class=\"carousel-content ng-tns-c2946245707-433\">\n<div class=\"sources-carousel-source ng-tns-c2946245707-433 hide ng-star-inserted\" data-test-id=\"sources-carousel-source\"><\/div>\n<\/div>\n<\/div>\n<\/div>\n<\/li>\n<\/ul>\n<p data-sourcepos=\"12:1-12:40\"><strong>Hur man stylar en flanellfodrad jacka:<\/strong><\/p>\n<ul data-sourcepos=\"14:1-17:0\">\n<li data-sourcepos=\"14:1-14:77\"><strong>Avslappnad:<\/strong> Kombinera den med jeans, en t-shirt och sneakers f\u00f6r en avslappnad look.<\/li>\n<li data-sourcepos=\"15:1-15:96\"><strong>Smart Casual:<\/strong> B\u00e4r den med chinos, en skjorta med knappar och loafers f\u00f6r en polerad outfit.<\/li>\n<li data-sourcepos=\"16:1-17:0\"><strong>Utomhusaktiviteter:<\/strong> B\u00e4r den \u00f6ver en fleece- eller huvtr\u00f6ja f\u00f6r extra v\u00e4rme under utomhus\u00e4ventyren.<\/li>\n<\/ul>\n<p data-sourcepos=\"18:1-18:46\"><strong>Var hittar man flanellfodrade jackor f\u00f6r m\u00e4n:<\/strong><\/p>\n<ul data-sourcepos=\"20:1-23:0\">\n<li data-sourcepos=\"20:1-20:86\"><strong>Varuhus:<\/strong> Leta efter m\u00e4rken som erbjuder en m\u00e4ngd olika stilar och material.<\/li>\n<li data-sourcepos=\"21:1-21:136\"><strong><span class=\"citation-5 recitation\">\u00c5terf\u00f6rs\u00e4ljare p\u00e5 n\u00e4tet:<\/span><\/strong><span class=\"citation-5 recitation citation-end-5\"> Webbplatser som Amazon, eBay och andra online-\u00e5terf\u00f6rs\u00e4ljare erbjuder ett brett utbud av flanellfodrade jackor.<\/span><span class=\"button-container hide-from-message-actions ng-star-inserted\">\u00a0<\/span>\n<div class=\"container ng-tns-c2946245707-434 hide\">\n<div class=\"carousel-container ng-tns-c2946245707-434\"><\/div>\n<\/div>\n<\/li>\n<li data-sourcepos=\"22:1-23:0\"><strong>Butiker f\u00f6r utomhuskl\u00e4der:<\/strong> Butiker som specialiserar sig p\u00e5 friluftsutrustning har ofta flanellfodrade jackor som \u00e4r utformade f\u00f6r specifika aktiviteter.<\/li>\n<\/ul>\n<p data-sourcepos=\"24:1-24:45\"><strong>Tips f\u00f6r att v\u00e4lja en flanellfodrad jacka:<\/strong><\/p>\n<ul data-sourcepos=\"26:1-30:0\">\n<li data-sourcepos=\"26:1-26:128\"><strong>Material:<\/strong> T\u00e4nk p\u00e5 vikten och tjockleken p\u00e5 flanellfodret, eftersom det p\u00e5verkar jackans v\u00e4rme och komfort.<\/li>\n<li data-sourcepos=\"27:1-27:69\"><strong>Passar:<\/strong> V\u00e4lj en jacka som sitter bra och \u00e4r bekv\u00e4m att ha p\u00e5 sig.<\/li>\n<li data-sourcepos=\"28:1-28:108\"><strong>Stil:<\/strong> V\u00e4lj en stil som passar din personliga smak, t.ex. bomberjacka, f\u00e4ltjacka eller parkas.<\/li>\n<li data-sourcepos=\"29:1-30:0\"><strong>Funktioner:<\/strong> T\u00e4nk p\u00e5 ytterligare funktioner som fickor, huva med dragsko och ribbade muddar i \u00e4rmslut och nederkant.<\/li>\n<\/ul>\n<p data-sourcepos=\"31:1-31:198\">Genom att investera i en flanellfodrad jacka av h\u00f6g kvalitet f\u00e5r du inte bara ett snyggt och funktionellt plagg utan ocks\u00e5 ett kl\u00e4desplagg som h\u00e5ller dig varm och bekv\u00e4m i m\u00e5nga \u00e5r fram\u00f6ver.<\/p>","protected":false},"excerpt":{"rendered":"<table style=\"height: 478px;\" width=\"452\">\n<tbody>\n<tr>\n<td width=\"146\"><strong><b>Produkt<\/b><\/strong>\u00a0<strong><b>Namn:<\/b><\/strong><\/td>\n<td width=\"601\"><strong>Flanellfodrad jacka<\/strong><\/td>\n<\/tr>\n<tr>\n<td width=\"146\"><strong><b>Materlal:<\/b><\/strong><\/td>\n<td width=\"601\">Polyester\/bomull<\/td>\n<\/tr>\n<tr>\n<td width=\"146\"><strong><b>Teknik:<\/b><\/strong><\/td>\n<td width=\"601\">Enf\u00e4rgad bomull<\/td>\n<\/tr>\n<tr>\n<td width=\"146\"><strong><b>Stil:<\/b><\/strong><\/td>\n<td width=\"601\">Avslappnad<\/td>\n<\/tr>\n<tr>\n<td width=\"146\"><strong><b>F\u00e4rg<\/b><\/strong><strong><b>:<\/b><\/strong><\/td>\n<td width=\"601\">\u00a0Anpassade f\u00e4rger<\/td>\n<\/tr>\n<tr>\n<td width=\"146\"><strong><b>Storlek:<\/b><\/strong><\/td>\n<td width=\"601\">S \/M \/L \/XL \/2XL<\/td>\n<\/tr>\n<tr>\n<td width=\"146\"><strong><b>OEM\/ODM:<\/b><\/strong><\/td>\n<td width=\"601\">Godtagbar<\/td>\n<\/tr>\n<tr>\n<td width=\"146\"><strong><b>Kvalitet:<\/b><\/strong><\/td>\n<td width=\"601\">100% H\u00f6g kvalitet<\/td>\n<\/tr>\n<tr>\n<td width=\"146\"><strong><b>M<\/b><\/strong><strong><b>OQ:<\/b><\/strong><\/td>\n<td width=\"601\">200 st.<\/td>\n<\/tr>\n<\/tbody>\n<\/table>","protected":false},"featured_media":1814,"template":"","meta":[],"product_brand":[],"product_cat":[38],"product_tag":[],"class_list":{"0":"post-1813","1":"product","2":"type-product","3":"status-publish","4":"has-post-thumbnail","6":"product_cat-mens-clothing","8":"first","9":"instock","10":"shipping-taxable","11":"product-type-simple"},"_links":{"self":[{"href":"https:\/\/mj-clothing.com\/sv\/wp-json\/wp\/v2\/product\/1813","targetHints":{"allow":["GET"]}}],"collection":[{"href":"https:\/\/mj-clothing.com\/sv\/wp-json\/wp\/v2\/product"}],"about":[{"href":"https:\/\/mj-clothing.com\/sv\/wp-json\/wp\/v2\/types\/product"}],"wp:featuredmedia":[{"embeddable":true,"href":"https:\/\/mj-clothing.com\/sv\/wp-json\/wp\/v2\/media\/1814"}],"wp:attachment":[{"href":"https:\/\/mj-clothing.com\/sv\/wp-json\/wp\/v2\/media?parent=1813"}],"wp:term":[{"taxonomy":"product_brand","embeddable":true,"href":"https:\/\/mj-clothing.com\/sv\/wp-json\/wp\/v2\/product_brand?post=1813"},{"taxonomy":"product_cat","embeddable":true,"href":"https:\/\/mj-clothing.com\/sv\/wp-json\/wp\/v2\/product_cat?post=1813"},{"taxonomy":"product_tag","embeddable":true,"href":"https:\/\/mj-clothing.com\/sv\/wp-json\/wp\/v2\/product_tag?post=1813"}],"curies":[{"name":"wp","href":"https:\/\/api.w.org\/{rel}","templated":true}]}}