{"id":1777,"date":"2024-12-14T03:30:07","date_gmt":"2024-12-14T03:30:07","guid":{"rendered":"https:\/\/mj-clothing.com\/?post_type=product&#038;p=1777"},"modified":"2024-12-17T07:04:15","modified_gmt":"2024-12-17T07:04:15","slug":"cropped-leather-jacket","status":"publish","type":"product","link":"https:\/\/mj-clothing.com\/tr\/manufacturer\/cropped-leather-jacket\/","title":{"rendered":"K\u0131rp\u0131lm\u0131\u015f Deri Ceket"},"content":{"rendered":"<p data-sourcepos=\"1:1-1:117\">K\u0131rp\u0131lm\u0131\u015f bir deri ceket, her k\u0131yafeti y\u00fckseltebilecek \u015f\u0131k ve \u00e7ok y\u00f6nl\u00fc bir par\u00e7ad\u0131r. \u0130\u015fte neden bir tane sevebilece\u011finizi:<\/p>\n<h3 data-sourcepos=\"3:1-3:40\"><strong>Neden K\u0131rp\u0131lm\u0131\u015f Deri Ceket Se\u00e7melisiniz?<\/strong><\/h3>\n<ul data-sourcepos=\"5:1-9:0\">\n<li data-sourcepos=\"5:1-5:120\"><strong><span class=\"citation-0 recitation\">Trendy ve Modern:<\/span><\/strong><span class=\"citation-0 recitation citation-end-0\"> K\u0131rp\u0131lm\u0131\u015f ceketler, g\u00f6r\u00fcn\u00fcm\u00fcn\u00fcze \u00e7a\u011fda\u015f bir hava katabilecek pop\u00fcler bir trenddir.<\/span><\/li>\n<li data-sourcepos=\"5:1-5:120\"><strong style=\"font-size: 14.4px;\">\u00c7ok Y\u00f6nl\u00fc \u015eekillendirme:<\/strong><span style=\"font-size: 14.4px;\"> A\u015fa\u011f\u0131 veya yukar\u0131 giydirilebilir, bu da onu \u00e7e\u015fitli durumlar i\u00e7in m\u00fckemmel k\u0131lar.<\/span><\/li>\n<li data-sourcepos=\"7:1-7:113\"><strong><span class=\"citation-1 recitation\">V\u00fccuda tam oturur:<\/span><\/strong><span class=\"citation-1 recitation citation-end-1\"> K\u0131rp\u0131lm\u0131\u015f bir ceket belinizi vurgulayabilir ve gurur verici bir siluet yaratabilir.<\/span><\/li>\n<li data-sourcepos=\"7:1-7:113\"><strong style=\"font-size: 14.4px;\">Edgy ve Chic:<\/strong><span style=\"font-size: 14.4px;\"> Deri, sa\u011flaml\u0131k ve sofistike bir dokunu\u015f katar.<\/span><\/li>\n<\/ul>\n<h3 data-sourcepos=\"10:1-10:42\"><strong>K\u0131rp\u0131lm\u0131\u015f Deri Ceket Nas\u0131l Stilize Edilir?<\/strong><\/h3>\n<ul data-sourcepos=\"12:1-15:0\">\n<li data-sourcepos=\"12:1-12:82\"><strong>Rahat ve \u015f\u0131k:<\/strong> Rahat bir g\u00f6r\u00fcn\u00fcm i\u00e7in kot pantolon, ti\u015f\u00f6rt ve spor ayakkab\u0131larla e\u015fle\u015ftirin.<\/li>\n<li data-sourcepos=\"13:1-13:102\"><strong>Smart Casual:<\/strong> Feminen ve \u015f\u0131k bir kombin i\u00e7in etek, bluz ve yar\u0131m botlarla giyin.<\/li>\n<li data-sourcepos=\"14:1-15:0\"><strong>Edgy Look:<\/strong> Rock-and-roll havas\u0131 i\u00e7in deri pantolon, grafik ti\u015f\u00f6rt ve botlarla kombinleyin.<\/li>\n<\/ul>\n<h3 data-sourcepos=\"16:1-16:47\"><strong>K\u0131rp\u0131lm\u0131\u015f Deri Ceket Se\u00e7imi \u0130\u00e7in \u0130pu\u00e7lar\u0131:<\/strong><\/h3>\n<ul data-sourcepos=\"18:1-22:0\">\n<li data-sourcepos=\"18:1-18:71\"><strong>Fit:<\/strong> \u00dczerinize tam oturan ve v\u00fccut \u015feklinizi d\u00fczle\u015ftiren bir ceket se\u00e7in.<\/li>\n<li data-sourcepos=\"19:1-19:60\"><strong>Malzeme:<\/strong> Uzun s\u00fcre dayanacak y\u00fcksek kaliteli deriyi tercih edin.<\/li>\n<li data-sourcepos=\"20:1-20:87\"><strong>Stil:<\/strong> Ki\u015fisel tarz\u0131n\u0131z\u0131 g\u00f6z \u00f6n\u00fcnde bulundurun ve zevkinizi yans\u0131tan bir ceket se\u00e7in.<\/li>\n<li data-sourcepos=\"21:1-22:0\"><strong>Renk:<\/strong> Siyah klasik bir se\u00e7imdir, ancak kahverengi veya bordo gibi di\u011fer renkleri de d\u00fc\u015f\u00fcnebilirsiniz.<\/li>\n<\/ul>","protected":false},"excerpt":{"rendered":"<table style=\"height: 523px;\" width=\"508\">\n<tbody>\n<tr>\n<td width=\"146\"><strong><b>\u00dcr\u00fcn<\/b><\/strong>\u00a0<strong><b>\u0130sim:<\/b><\/strong><\/td>\n<td width=\"601\"><strong>K\u0131rp\u0131lm\u0131\u015f Deri Ceket<\/strong><\/td>\n<\/tr>\n<tr>\n<td width=\"146\"><strong><b>Materlal:<\/b><\/strong><\/td>\n<td width=\"601\">Polyester\/Pamuk<\/td>\n<\/tr>\n<tr>\n<td width=\"146\"><strong><b>Teknik:<\/b><\/strong><\/td>\n<td width=\"601\">Cilt<\/td>\n<\/tr>\n<tr>\n<td width=\"146\"><strong><b>Stil:<\/b><\/strong><\/td>\n<td width=\"601\">G\u00fcndelik<\/td>\n<\/tr>\n<tr>\n<td width=\"146\"><strong><b>Renk<\/b><\/strong><strong><b>:<\/b><\/strong><\/td>\n<td width=\"601\">\u00a0\u00d6zel Renkler<\/td>\n<\/tr>\n<tr>\n<td width=\"146\"><strong><b>Boyut:<\/b><\/strong><\/td>\n<td width=\"601\">S \/M \/L \/XL \/2XL<\/td>\n<\/tr>\n<tr>\n<td width=\"146\"><strong><b>OEM\/ODM:<\/b><\/strong><\/td>\n<td width=\"601\">Kabul edilebilir<\/td>\n<\/tr>\n<tr>\n<td width=\"146\"><strong><b>Kalite:<\/b><\/strong><\/td>\n<td width=\"601\">100% Y\u00fcksek Kalite<\/td>\n<\/tr>\n<tr>\n<td width=\"146\"><strong><b>M<\/b><\/strong><strong><b>OQ:<\/b><\/strong><\/td>\n<td width=\"601\">200 Adet<\/td>\n<\/tr>\n<\/tbody>\n<\/table>","protected":false},"featured_media":1781,"template":"","meta":[],"product_brand":[],"product_cat":[38],"product_tag":[],"class_list":{"0":"post-1777","1":"product","2":"type-product","3":"status-publish","4":"has-post-thumbnail","6":"product_cat-mens-clothing","8":"first","9":"instock","10":"shipping-taxable","11":"product-type-simple"},"_links":{"self":[{"href":"https:\/\/mj-clothing.com\/tr\/wp-json\/wp\/v2\/product\/1777","targetHints":{"allow":["GET"]}}],"collection":[{"href":"https:\/\/mj-clothing.com\/tr\/wp-json\/wp\/v2\/product"}],"about":[{"href":"https:\/\/mj-clothing.com\/tr\/wp-json\/wp\/v2\/types\/product"}],"wp:featuredmedia":[{"embeddable":true,"href":"https:\/\/mj-clothing.com\/tr\/wp-json\/wp\/v2\/media\/1781"}],"wp:attachment":[{"href":"https:\/\/mj-clothing.com\/tr\/wp-json\/wp\/v2\/media?parent=1777"}],"wp:term":[{"taxonomy":"product_brand","embeddable":true,"href":"https:\/\/mj-clothing.com\/tr\/wp-json\/wp\/v2\/product_brand?post=1777"},{"taxonomy":"product_cat","embeddable":true,"href":"https:\/\/mj-clothing.com\/tr\/wp-json\/wp\/v2\/product_cat?post=1777"},{"taxonomy":"product_tag","embeddable":true,"href":"https:\/\/mj-clothing.com\/tr\/wp-json\/wp\/v2\/product_tag?post=1777"}],"curies":[{"name":"wp","href":"https:\/\/api.w.org\/{rel}","templated":true}]}}