{"id":2076,"date":"2024-12-19T03:26:08","date_gmt":"2024-12-19T03:26:08","guid":{"rendered":"https:\/\/mj-clothing.com\/?post_type=product&#038;p=2076"},"modified":"2024-12-19T03:33:03","modified_gmt":"2024-12-19T03:33:03","slug":"spring-trench-coats-for-ladies","status":"publish","type":"product","link":"https:\/\/mj-clothing.com\/tr\/manufacturer\/spring-trench-coats-for-ladies\/","title":{"rendered":"Bayanlar \u0130\u00e7in Baharl\u0131k Tren\u00e7kotlar"},"content":{"rendered":"<p data-sourcepos=\"1:1-1:134\">Bayanlar i\u00e7in baharl\u0131k tren\u00e7kotlar, a\u015fa\u011f\u0131 veya yukar\u0131 giyilebilen klasik bir gard\u0131rop elyaf\u0131d\u0131r. \u0130\u015fte g\u00f6z \u00f6n\u00fcnde bulundurman\u0131z gereken baz\u0131 pop\u00fcler stiller:<\/p>\n<h3 data-sourcepos=\"3:1-3:27\"><strong>1. Klasik Tren\u00e7kot:<\/strong><\/h3>\n<ul data-sourcepos=\"5:1-8:0\">\n<li style=\"list-style-type: none;\">\n<ul data-sourcepos=\"5:1-8:0\">\n<li data-sourcepos=\"5:1-5:116\"><strong>Zamans\u0131z ve zarif:<\/strong> Klasik tren\u00e7kot, \u00e7e\u015fitli k\u0131yafetlerle giyilebilen \u00e7ok y\u00f6nl\u00fc bir par\u00e7ad\u0131r.<\/li>\n<li data-sourcepos=\"6:1-6:101\"><strong>\u00c7ok y\u00f6nl\u00fc:<\/strong> Etek ve topuklu ayakkab\u0131larla s\u00fcslenebilir veya kot pantolon ve spor ayakkab\u0131larla giyilebilir.<\/li>\n<li data-sourcepos=\"7:1-8:0\"><strong>Fonksiyonel:<\/strong> Suya dayan\u0131kl\u0131 kuma\u015f\u0131 ve r\u00fczgar\u0131 d\u0131\u015far\u0131da tutan kemeri sayesinde ya\u011fmurlu veya r\u00fczgarl\u0131 g\u00fcnler i\u00e7in m\u00fckemmeldir.<\/li>\n<\/ul>\n<\/li>\n<\/ul>\n<div class=\"attachment-container search-images\"><strong style=\"color: #555555; font-size: 14.4px;\">2. Ku\u015fakl\u0131 Tren\u00e7kot:<\/strong><\/div>\n<ul data-sourcepos=\"13:1-16:0\">\n<li style=\"list-style-type: none;\">\n<ul data-sourcepos=\"13:1-16:0\">\n<li data-sourcepos=\"13:1-13:86\"><strong>V\u00fccut g\u00fczelle\u015ftirici:<\/strong> Kemer, beli kavrayarak ho\u015f bir siluet yarat\u0131r.<\/li>\n<li data-sourcepos=\"14:1-14:79\"><strong>\u015e\u0131k:<\/strong> Her k\u0131yafete sofistike bir dokunu\u015f katmak i\u00e7in harika bir yoldur.<\/li>\n<li data-sourcepos=\"15:1-16:0\"><strong>Pratik:<\/strong> Kemer, uyumu ayarlamak i\u00e7in s\u0131k\u0131labilir veya gev\u015fetilebilir.<\/li>\n<\/ul>\n<\/li>\n<\/ul>\n<div class=\"attachment-container search-images\">\n<div class=\"image-container hide-from-message-actions ng-star-inserted\">\n<h3 class=\"caption ellipsis gds-label-m-alt ng-star-inserted\" aria-hidden=\"true\"><strong style=\"color: #555555; font-size: 14.4px;\">3. Hafif Tren\u00e7kot:<\/strong><\/h3>\n<\/div>\n<\/div>\n<ul data-sourcepos=\"21:1-24:0\">\n<li style=\"list-style-type: none;\">\n<ul data-sourcepos=\"21:1-24:0\">\n<li data-sourcepos=\"21:1-21:108\"><strong>S\u0131cak havalar i\u00e7in m\u00fckemmel:<\/strong> Hafif bir tren\u00e7kot, havan\u0131n \u00e7ok so\u011fuk olmad\u0131\u011f\u0131 bahar g\u00fcnleri i\u00e7in idealdir.<\/li>\n<li data-sourcepos=\"22:1-22:73\"><strong>\u00c7ok y\u00f6nl\u00fc:<\/strong> Duruma g\u00f6re a\u015fa\u011f\u0131 ya da yukar\u0131 giydirilebilir.<\/li>\n<li data-sourcepos=\"23:1-24:0\"><strong>Rahat:<\/strong> Hafif kuma\u015f\u0131 i\u00e7inde hareket etmeyi kolayla\u015ft\u0131r\u0131r.<\/li>\n<\/ul>\n<\/li>\n<\/ul>\n<div class=\"attachment-container search-images\">\n<div class=\"image-container hide-from-message-actions ng-star-inserted\">\n<h3 class=\"caption ellipsis gds-label-m-alt ng-star-inserted\" aria-hidden=\"true\"><strong style=\"color: #555555; font-size: 14.4px;\">4. Renkli Tren\u00e7kot:<\/strong><\/h3>\n<\/div>\n<\/div>\n<ul data-sourcepos=\"29:1-32:0\">\n<li style=\"list-style-type: none;\">\n<ul data-sourcepos=\"29:1-32:0\">\n<li data-sourcepos=\"29:1-29:102\"><strong>Modaya uygun ve \u015f\u0131k:<\/strong> Renkli bir tren\u00e7kot, gard\u0131robunuza renk katmak i\u00e7in harika bir yoldur.<\/li>\n<li data-sourcepos=\"30:1-30:77\"><strong>\u00c7ok y\u00f6nl\u00fc:<\/strong> N\u00f6tr renklerle veya di\u011fer parlak renklerle e\u015fle\u015ftirilebilir.<\/li>\n<li data-sourcepos=\"31:1-32:0\"><strong>G\u00f6z al\u0131c\u0131:<\/strong> Ba\u015flar\u0131 d\u00f6nd\u00fcrece\u011fi kesin.<\/li>\n<\/ul>\n<\/li>\n<\/ul>\n<div class=\"attachment-container search-images\">\n<div class=\"image-container hide-from-message-actions ng-star-inserted\">\n<h3 class=\"caption ellipsis gds-label-m-alt ng-star-inserted\" aria-hidden=\"true\"><strong style=\"color: #555555; font-size: 14.4px;\">Bayanlar \u0130\u00e7in M\u00fckemmel Baharl\u0131k Tren\u00e7kotlar\u0131 Se\u00e7mek \u0130\u00e7in \u0130pu\u00e7lar\u0131:<\/strong><\/h3>\n<\/div>\n<\/div>\n<ul data-sourcepos=\"37:1-41:0\">\n<li data-sourcepos=\"37:1-37:102\"><strong>Kuma\u015f\u0131 d\u00fc\u015f\u00fcn\u00fcn:<\/strong> Hafif, suya dayan\u0131kl\u0131 ve rahat giyilebilen bir kuma\u015f aray\u0131n.<\/li>\n<li data-sourcepos=\"38:1-38:87\"><strong>Do\u011fru uyumu se\u00e7in:<\/strong> Palto tam oturmal\u0131 ve ne \u00e7ok dar ne de \u00e7ok bol olmal\u0131d\u0131r.<\/li>\n<li data-sourcepos=\"39:1-39:109\"><strong>Do\u011fru uzunlu\u011fu se\u00e7in:<\/strong> Paltonun uzunlu\u011fu boyunuza ve duruma uygun olmal\u0131d\u0131r.<\/li>\n<li data-sourcepos=\"40:1-41:0\"><strong>Aksesuarlar:<\/strong> G\u00f6r\u00fcn\u00fcm\u00fcn\u00fcz\u00fc ki\u015fiselle\u015ftirmek i\u00e7in bir e\u015farp, kemer veya \u015fapka ekleyin.<\/li>\n<\/ul>\n<p data-sourcepos=\"42:1-42:134\">Aralar\u0131ndan se\u00e7im yapabilece\u011finiz pek \u00e7ok farkl\u0131 stil ve renkle, Bayanlar \u0130\u00e7in Baharl\u0131k Tren\u00e7kotlar gard\u0131robunuzu tamamlayacak m\u00fckemmel baharl\u0131k tren\u00e7kotu bulaca\u011f\u0131n\u0131zdan emin olabilirsiniz.<\/p>","protected":false},"excerpt":{"rendered":"<table style=\"height: 631px;\" width=\"523\">\n<tbody>\n<tr>\n<td width=\"146\"><strong><b>\u00dcr\u00fcn<\/b><\/strong>\u00a0<strong><b>\u0130sim:<\/b><\/strong><\/td>\n<td width=\"601\"><strong>Bayanlar \u0130\u00e7in Baharl\u0131k Tren\u00e7kotlar<\/strong><\/td>\n<\/tr>\n<tr>\n<td width=\"146\"><strong><b>Materlal:<\/b><\/strong><\/td>\n<td width=\"601\">\u00d6rg\u00fc<\/td>\n<\/tr>\n<tr>\n<td width=\"146\"><strong><b>Teknik:<\/b><\/strong><\/td>\n<td width=\"601\">\u0130\u015flemeli<\/td>\n<\/tr>\n<tr>\n<td width=\"146\"><strong><b>Stil:<\/b><\/strong><\/td>\n<td width=\"601\">G\u00fcndelik<\/td>\n<\/tr>\n<tr>\n<td width=\"146\"><strong><b>Renk<\/b><\/strong><strong><b>:<\/b><\/strong><\/td>\n<td width=\"601\">\u00a0\u00d6zel Renkler<\/td>\n<\/tr>\n<tr>\n<td width=\"146\"><strong><b>Boyut:<\/b><\/strong><\/td>\n<td width=\"601\">S \/M \/L \/XL \/2XL<\/td>\n<\/tr>\n<tr>\n<td width=\"146\"><strong><b>OEM\/ODM:<\/b><\/strong><\/td>\n<td width=\"601\">Kabul edilebilir<\/td>\n<\/tr>\n<tr>\n<td width=\"146\"><strong><b>Kalite:<\/b><\/strong><\/td>\n<td width=\"601\">100% Y\u00fcksek Kalite<\/td>\n<\/tr>\n<tr>\n<td width=\"146\"><strong><b>M<\/b><\/strong><strong><b>OQ:<\/b><\/strong><\/td>\n<td width=\"601\">200 Adet<\/td>\n<\/tr>\n<\/tbody>\n<\/table>","protected":false},"featured_media":2077,"template":"","meta":[],"product_brand":[],"product_cat":[39],"product_tag":[],"class_list":{"0":"post-2076","1":"product","2":"type-product","3":"status-publish","4":"has-post-thumbnail","6":"product_cat-womens-clothing","8":"first","9":"instock","10":"shipping-taxable","11":"product-type-simple"},"_links":{"self":[{"href":"https:\/\/mj-clothing.com\/tr\/wp-json\/wp\/v2\/product\/2076","targetHints":{"allow":["GET"]}}],"collection":[{"href":"https:\/\/mj-clothing.com\/tr\/wp-json\/wp\/v2\/product"}],"about":[{"href":"https:\/\/mj-clothing.com\/tr\/wp-json\/wp\/v2\/types\/product"}],"wp:featuredmedia":[{"embeddable":true,"href":"https:\/\/mj-clothing.com\/tr\/wp-json\/wp\/v2\/media\/2077"}],"wp:attachment":[{"href":"https:\/\/mj-clothing.com\/tr\/wp-json\/wp\/v2\/media?parent=2076"}],"wp:term":[{"taxonomy":"product_brand","embeddable":true,"href":"https:\/\/mj-clothing.com\/tr\/wp-json\/wp\/v2\/product_brand?post=2076"},{"taxonomy":"product_cat","embeddable":true,"href":"https:\/\/mj-clothing.com\/tr\/wp-json\/wp\/v2\/product_cat?post=2076"},{"taxonomy":"product_tag","embeddable":true,"href":"https:\/\/mj-clothing.com\/tr\/wp-json\/wp\/v2\/product_tag?post=2076"}],"curies":[{"name":"wp","href":"https:\/\/api.w.org\/{rel}","templated":true}]}}